{"id":138,"date":"2020-02-20T08:41:31","date_gmt":"2020-02-20T08:41:31","guid":{"rendered":"http:\/\/foerderverein-lbz-eppelborn.de\/?page_id=138"},"modified":"2025-11-29T12:13:30","modified_gmt":"2025-11-29T11:13:30","slug":"impressum","status":"publish","type":"page","link":"https:\/\/foerderverein-lbz-eppelborn.de\/?page_id=138","title":{"rendered":"Impressum \/ Datenschutz"},"content":{"rendered":"\n<h2 class=\"wp-block-heading\">Impressum <\/h2>\n\n\n\n<p>Angaben gem\u00e4\u00df \u00a7 5 TMG<\/p>\n\n\n\n<p>Verein zur F\u00f6rderung der  Freiwilligen Feuerwehr L\u00f6schbezirk Eppelborn e.V.<br>\nSchleidstrasse 19c<br>\n66571 Eppelborn<\/p>\n\n\n\n<p>Vereinsregister: VR 870<br>Registergericht: Amtsgericht Ottweiler<\/p>\n\n\n\n<p><strong>Vertreten durch:<\/strong><br> 1. Vorsitzender, Markus Klaummann, lltalstra\u00dfe 54A, 66571 Eppelborn<br> Webmaster, Rene Thulke, Lebacher Stra\u00dfe 11, 66571 Eppelborn<\/p>\n\n\n\n<h2 class=\"wp-block-heading\">Kontakt<\/h2>\n\n\n\n<p>E-Mail: info@fvlbe.de<\/p>\n\n\n\n<h2 class=\"wp-block-heading\">Postadresse<\/h2>\n\n\n\n<p> Schleidstrasse 19c<br> 66571 Eppelborn <\/p>\n\n\n\n<h2 class=\"wp-block-heading\">Verbraucher\u00adstreit\u00adbeilegung\/Universal\u00adschlichtungs\u00adstelle<\/h2>\n\n\n\n<p>Wir sind nicht bereit oder verpflichtet, an Streitbeilegungsverfahren vor einer Verbraucherschlichtungsstelle teilzunehmen.<\/p>\n\n\n\n<h3 class=\"wp-block-heading\">Haftung f\u00fcr Inhalte<\/h3>\n\n\n\n<p>Als Diensteanbieter sind wir gem\u00e4\u00df \u00a7 7 Abs.1 TMG f\u00fcr eigene Inhalte auf diesen Seiten nach den allgemeinen Gesetzen verantwortlich. Nach \u00a7\u00a7 8 bis 10 TMG sind wir als Diensteanbieter jedoch nicht verpflichtet, \u00fcbermittelte oder gespeicherte fremde Informationen zu \u00fcberwachen oder nach Umst\u00e4nden zu forschen, die auf eine rechtswidrige T\u00e4tigkeit hinweisen.<\/p>\n\n\n\n<p>Verpflichtungen zur Entfernung oder Sperrung der Nutzung von Informationen nach den allgemeinen Gesetzen bleiben hiervon unber\u00fchrt. Eine diesbez\u00fcgliche Haftung ist jedoch erst ab dem Zeitpunkt der Kenntnis einer konkreten Rechtsverletzung m\u00f6glich. Bei Bekanntwerden von entsprechenden Rechtsverletzungen werden wir diese Inhalte umgehend entfernen.<\/p>\n\n\n\n<h3 class=\"wp-block-heading\">Haftung f\u00fcr Links<\/h3>\n\n\n\n<p>Unser Angebot enth\u00e4lt Links zu externen Websites Dritter, auf deren Inhalte wir keinen Einfluss haben. Deshalb k\u00f6nnen wir f\u00fcr diese fremden Inhalte auch keine Gew\u00e4hr \u00fcbernehmen. F\u00fcr die Inhalte der verlinkten Seiten ist stets der jeweilige Anbieter oder Betreiber der Seiten verantwortlich. Die verlinkten Seiten wurden zum Zeitpunkt der Verlinkung auf m\u00f6gliche Rechtsverst\u00f6\u00dfe \u00fcberpr\u00fcft. Rechtswidrige Inhalte waren zum Zeitpunkt der Verlinkung nicht erkennbar.<\/p>\n\n\n\n<p>Eine permanente inhaltliche Kontrolle der verlinkten Seiten ist jedoch ohne konkrete Anhaltspunkte einer Rechtsverletzung nicht zumutbar. Bei Bekanntwerden von Rechtsverletzungen werden wir derartige Links umgehend entfernen.<\/p>\n\n\n\n<h3 class=\"wp-block-heading\">Urheberrecht<\/h3>\n\n\n\n<p>Die durch die Seitenbetreiber erstellten Inhalte und Werke auf diesen Seiten unterliegen dem deutschen Urheberrecht. Die Vervielf\u00e4ltigung, Bearbeitung, Verbreitung und jede Art der Verwertung au\u00dferhalb der Grenzen des Urheberrechtes bed\u00fcrfen der schriftlichen Zustimmung des jeweiligen Autors bzw. Erstellers. Downloads und Kopien dieser Seite sind nur f\u00fcr den privaten, nicht kommerziellen Gebrauch gestattet.<\/p>\n\n\n\n<p>Soweit die Inhalte auf dieser Seite nicht vom Betreiber erstellt wurden, werden die Urheberrechte Dritter beachtet. Insbesondere werden Inhalte Dritter als solche gekennzeichnet. Sollten Sie trotzdem auf eine Urheberrechtsverletzung aufmerksam werden, bitten wir um einen entsprechenden Hinweis. Bei Bekanntwerden von Rechtsverletzungen werden wir derartige Inhalte umgehend entfernen.<\/p>\n\n\n\n<p>Quelle: <a href=\"https:\/\/www.e-recht24.de\">https:\/\/www.e-recht24.de<\/a><\/p>\n\n\n\n<p><\/p>\n\n\n\n<p><\/p>\n\n\n\n<p><\/p>\n\n\n\n<p><\/p>\n\n\n\n<p><\/p>\n\n\n\n<p><\/p>\n\n\n\n<p><\/p>\n\n\n\n<h2 class=\"wp-block-heading\">Datenschutz<\/h2>\n\n\n\n<p>Wir informieren Sie nachfolgend gem\u00e4\u00df den gesetzlichen Vorgaben des Datenschutzrechts (insb. gem\u00e4\u00df BDSG n.F. und der europ\u00e4ischen Datenschutz-Grundverordnung \u201aDS-GVO\u2018) \u00fcber die Art, den Umfang und Zweck der Verarbeitung personenbezogener Daten durch unser Unternehmen.&nbsp;Diese Datenschutzerkl\u00e4rung gilt auch f\u00fcr unsere Websites und Sozial-Media-Profile. Bez\u00fcglich der Definition von Begriffen wie etwa \u201epersonenbezogene Daten\u201c oder \u201eVerarbeitung\u201c verweisen wir auf Art. 4 DS-GVO.<\/p>\n\n\n\n<p><strong>Name und Kontaktdaten des \/ der Verantwortlichen<\/strong><br><br> Unser\/e Verantwortliche\/r (nachfolgend \u201eVerantwortlicher\u201c) i.S.d. Art. 4 Zif. 7 DS-GVO ist:<br><br> <br><br>Vereins zur F\u00f6rderung der Freiwilligen Feuerwehr L\u00f6schbezirk Eppelborn e.V. <br>Schleidstrasse 19c<br>66571 Eppelborn<br>Registergericht: Ottweiler \/ Saarland<br>E-Mail-Adresse: info@fvlbe.de<br><br><\/p>\n\n\n\n<p><strong>Datenarten, Zwecke der Verarbeitung und Kategorien betroffener Personen<\/strong><br><\/p>\n\n\n\n<p>Nachfolgend informieren wir Sie \u00fcber Art, Umfang und Zweck der Erhebung, Verarbeitung und Nutzung personenbezogener Daten.<\/p>\n\n\n\n<p><strong>1. Arten der Daten, die wir verarbeiten<\/strong><br><br>\n<br><br>\n<br><br>\n<strong>2. Zwecke der Verarbeitung nach Art. 13 Abs. 1 c) DS-GVO<\/strong><br><br>\n<br><br>\n<br><br>\n<strong>3. Kategorien der betroffenen Personen nach Art. 13 Abs. 1 e) DS-GVO<\/strong><br><br>\n<br><br>\n<br><\/p>\n\n\n\n<p>Die betroffenen Personen werden zusammenfassend als \u201eNutzer\u201c bezeichnet.<\/p>\n\n\n\n<p><strong>Rechtsgrundlagen der Verarbeitung personenbezogener Daten<\/strong><\/p>\n\n\n\n<p>Nachfolgend Informieren wir Sie \u00fcber die Rechtsgrundlagen der Verarbeitung personenbezogener Daten:<\/p>\n\n\n\n<ol class=\"wp-block-list\">\n<li>Wenn wir Ihre Einwilligung f\u00fcr die Verarbeitung personenbezogenen Daten eingeholt haben, ist Art. 6 Abs. 1 S. 1 lit. a) DS-GVO Rechtsgrundlage.<\/li>\n\n\n\n<li>Ist die Verarbeitung zur Erf\u00fcllung eines Vertrags oder zur Durchf\u00fchrung vorvertraglicher Ma\u00dfnahmen erforderlich, die auf Ihre Anfrage hin erfolgen, so ist Art. 6 Abs. 1 S. 1 lit. b) DS-GVO Rechtsgrundlage.<\/li>\n\n\n\n<li>Ist die Verarbeitung zur Erf\u00fcllung einer rechtlichen Verpflichtung erforderlich, der wir unterliegen (z.B. gesetzliche Aufbewahrungspflichten), so ist Art. 6 Abs. 1 S. 1 lit. c) DS-GVO Rechtsgrundlage.<\/li>\n\n\n\n<li>Ist die Verarbeitung erforderlich, um lebenswichtige Interessen der betroffenen Person oder einer anderen nat\u00fcrlichen Person zu sch\u00fctzen, so ist Art. 6 Abs. 1 S. 1 lit. d) DS-GVO Rechtsgrundlage.<\/li>\n\n\n\n<li>Ist die Verarbeitung zur Wahrung unserer oder der berechtigten Interessen eines Dritten erforderlich und \u00fcberwiegen diesbez\u00fcglich Ihre Interessen oder Grundrechte und Grundfreiheiten nicht, so ist Art. 6 Abs. 1 S. 1 lit. f) DS-GVO Rechtsgrundlage.<\/li>\n<\/ol>\n\n\n\n<p><br><br>\n<strong>Weitergabe personenbezogener Daten an Dritte und Auftragsverarbeiter<\/strong><\/p>\n\n\n\n<p>Ohne Ihre Einwilligung geben wir grunds\u00e4tzlich keine Daten an Dritte weiter. Sollte dies doch der Fall sein, dann erfolgt die Weitergabe auf der Grundlage der zuvor genannten Rechtsgrundlagen z.B. bei der Weitergabe von Daten an Online-Paymentanbieter zur Vertragserf\u00fcllung oder aufgrund gerichtlicher Anordnung oder wegen einer gesetzlichen Verpflichtung zur Herausgabe der Daten zum Zwecke der Strafverfolgung, zur Gefahrenabwehr oder zur Durchsetzung der Rechte am geistigen Eigentum.<br>\nWir setzen zudem Auftragsverarbeiter (externe Dienstleister z.B. zum Webhosting unserer Websites und Datenbanken) zur Verarbeitung Ihrer Daten ein. Wenn im Rahmen einer Vereinbarung zur Auftragsverarbeitung an die Auftragsverarbeiter Daten weitergegeben werden, erfolgt dies immer nach Art. 28 DS-GVO. Wir w\u00e4hlen dabei unsere Auftragsverarbeiter sorgf\u00e4ltig aus, kontrollieren diese regelm\u00e4\u00dfig und haben uns ein Weisungsrecht hinsichtlich der Daten einr\u00e4umen lassen. Zudem m\u00fcssen die Auftragsverarbeiter geeignete technische und organisatorische Ma\u00dfnahmen getroffen haben und die Datenschutzvorschriften gem. BDSG n.F. und DS-GVO einhalten<\/p>\n\n\n\n<p><br><br>\n<strong>Daten\u00fcbermittlung in Drittstaaten<\/strong><\/p>\n\n\n\n<p>Durch die Verabschiedung der europ\u00e4ischen Datenschutz-Grundverordnung (DS-GVO) wurde eine einheitliche Grundlage f\u00fcr den Datenschutz in Europa geschaffen. Ihre Daten werden daher vorwiegend durch Unternehmen verarbeitet, f\u00fcr die DS-GVO Anwendung findet. Sollte doch die Verarbeitung durch Dienste Dritter au\u00dferhalb der Europ\u00e4ischen Union oder des Europ\u00e4ischen Wirtschaftsraums stattfinden, so m\u00fcssen diese die besonderen Voraussetzungen der Art. 44 ff. DS-GVO erf\u00fcllen. Das bedeutet, die Verarbeitung erfolgt aufgrund besonderer Garantien, wie etwa die von der EU-Kommission offiziell anerkannte Feststellung eines der EU entsprechenden Datenschutzniveaus oder der Beachtung offiziell anerkannter spezieller vertraglicher Verpflichtungen, der so genannten \u201eStandardvertragsklauseln\u201c. Bei US-Unternehmen erf\u00fcllt die Unterwerfung unter das sog. \u201ePrivacy-Shield\u201c, dem Datenschutzabkommen zwischen der EU und den USA, diese Voraussetzungen.<\/p>\n\n\n\n<p><br><br>\n<strong>L\u00f6schung von Daten und Speicherdauer<\/strong><\/p>\n\n\n\n<p>Sofern nicht in dieser Datenschutzerkl\u00e4rung ausdr\u00fccklich angegeben, werden Ihre personenbezogen Daten gel\u00f6scht oder gesperrt, sobald die zur Verarbeitung erteilte Einwilligung von Ihnen widerrufen wird oder der Zweck f\u00fcr die Speicherung entf\u00e4llt bzw. die Daten f\u00fcr den Zweck nicht mehr erforderlich sind, es sei denn deren weitere Aufbewahrung ist zu Beweiszwecken erforderlich oder dem stehen gesetzliche Aufbewahrungspflichten entgegenstehen. Darunter fallen etwa handelsrechtliche Aufbewahrungspflichten von Gesch\u00e4ftsbriefen nach \u00a7 257 Abs. 1 HGB (6 Jahre) sowie steuerrechtliche Aufbewahrungspflichten nach \u00a7 147 Abs. 1 AO von Belegen (10 Jahre). Wenn die vorgeschriebene Aufbewahrungsfrist abl\u00e4uft, erfolgt eine Sperrung oder L\u00f6schung Ihrer Daten, es sei denn die Speicherung ist weiterhin f\u00fcr einen Vertragsabschluss oder zur Vertragserf\u00fcllung erforderlich.<\/p>\n\n\n\n<p><br><br>\n<strong>Bestehen einer automatisierten Entscheidungsfindung<\/strong><\/p>\n\n\n\n<p>Wir setzen keine automatische Entscheidungsfindung oder ein Profiling ein.<\/p>\n\n\n\n<p><br><br>\n<strong>Bereitstellung unserer Website und Erstellung von Logfiles<\/strong><\/p>\n\n\n\n<ol class=\"wp-block-list\">\n<li>Wenn Sie unsere Webseite lediglich informatorisch nutzen (also keine Registrierung und auch keine anderweitige \u00dcbermittlung von Informationen), erheben wir nur die personenbezogenen Daten, die Ihr Browser an unseren Server \u00fcbermittelt. Wenn Sie unsere Website betrachten m\u00f6chten, erheben wir die folgenden Daten:<br>\n\u2022 IP-Adresse;<br>\n\u2022 Internet-Service-Provider des Nutzers;<br>\n\u2022 Datum und Uhrzeit des Abrufs;<br>\n\u2022 Browsertyp;<br>\n\u2022 Sprache und Browser-Version;<br>\n\u2022 Inhalt des Abrufs;<br>\n\u2022 Zeitzone;<br>\n\u2022 Zugriffsstatus\/HTTP-Statuscode;<br>\n\u2022 Datenmenge;<br>\n\u2022 Websites, von denen die Anforderung kommt;<br>\n\u2022 Betriebssystem.<br>\nEine Speicherung dieser Daten zusammen mit anderen personenbezogenen Daten von Ihnen findet nicht statt.<br><br>\n<\/li>\n\n\n\n<li>Diese Daten dienen dem Zweck der nutzerfreundlichen, funktionsf\u00e4higen und sicheren Auslieferung unserer Website an Sie mit Funktionen und Inhalten sowie deren Optimierung und statistischen Auswertung.<br><br><\/li>\n\n\n\n<li>Rechtsgrundlage hierf\u00fcr ist unser in den obigen Zwecken auch liegendes berechtigtes Interesse an der Datenverarbeitung nach Art. 6 Abs. 1 S.1 lit. f)  DS-GVO.<br><br><\/li>\n\n\n\n<li>Wir speichern aus Sicherheitsgr\u00fcnden diese Daten in Server-Logfiles f\u00fcr die Speicherdauer von  Tagen. Nach Ablauf dieser Frist werden diese automatisch gel\u00f6scht, es sei denn wir ben\u00f6tigen deren Aufbewahrung zu Beweiszwecken bei Angriffen auf die Serverinfrastruktur oder anderen Rechtsverletzungen.<br><\/li>\n<\/ol>\n\n\n\n<p><br><br>\n<strong>Kontaktaufnahme per Kontaktformular \/ E-Mail \/ Fax \/ Post<\/strong><\/p>\n\n\n\n<ol class=\"wp-block-list\">\n<li>Bei der Kontaktaufnahme mit uns per Kontaktformular, Fax, Post oder E-Mail werden Ihre Angaben zum Zwecke der Abwicklung der Kontaktanfrage verarbeitet.<br><br><\/li>\n\n\n\n<li>Rechtsgrundlage f\u00fcr die Verarbeitung der Daten ist bei Vorliegen einer Einwilligung von Ihnen Art.&nbsp;6 Abs.&nbsp;1 S. 1 lit.&nbsp;a) DS-GVO. Rechtsgrundlage f\u00fcr die Verarbeitung der Daten, die im Zuge einer Kontaktanfrage oder E-Mail, eines Briefes oder Faxes \u00fcbermittelt werden, ist Art.&nbsp;6 Abs.&nbsp;1 S. 1 lit.&nbsp;f) DS-GVO. Der Verantwortliche hat ein berechtigtes Interesse an der Verarbeitung und Speicherung der Daten, um Anfragen der Nutzer beantworten zu k\u00f6nnen, zur Beweissicherung aus Haftungsgr\u00fcnden und um ggf. seiner gesetzlichen Aufbewahrungspflichten bei Gesch\u00e4ftsbriefen nachkommen zu k\u00f6nnen. Zielt der Kontakt auf den Abschluss eines Vertrages ab, so ist zus\u00e4tzliche Rechtsgrundlage f\u00fcr die Verarbeitung Art.&nbsp;6 Abs.&nbsp;1 S. 1 lit.&nbsp;b) DS-GVO.<br><br><\/li>\n\n\n\n<li>Wir k\u00f6nnen Ihre Angaben und Kontaktanfrage in unserem Customer-Relationship-Management System (&#8222;CRM System&#8220;) oder einem vergleichbaren System speichern.<br><br><\/li>\n\n\n\n<li>Die Daten werden gel\u00f6scht, sobald sie f\u00fcr die Erreichung des Zweckes ihrer Erhebung nicht mehr erforderlich sind. F\u00fcr die personenbezogenen Daten aus der Eingabemaske des Kontaktformulars und diejenigen, die per E-Mail \u00fcbersandt wurden, ist dies dann der Fall, wenn die jeweilige Konversation mit Ihnen beendet ist. Beendet ist die Konversation dann, wenn sich aus den Umst\u00e4nden entnehmen l\u00e4sst, dass der betroffene Sachverhalt abschlie\u00dfend gekl\u00e4rt ist. Anfragen von Nutzern, die \u00fcber einen Account bzw. Vertrag mit uns verf\u00fcgen, speichern wir bis zum Ablauf von zwei Jahren nach Vertragsbeendigung. Im Fall von gesetzlichen Archivierungspflichten erfolgt die L\u00f6schung nach deren Ablauf: Ende handelsrechtlicher (6 Jahre) und steuerrechtlicher (10 Jahre) Aufbewahrungspflicht.<br><br><\/li>\n\n\n\n<li>Sie haben jederzeit die M\u00f6glichkeit, die Einwilligung nach Art. 6 Abs. 1 S. 1 lit. a) DS-GVO zur Verarbeitung der personenbezogenen Daten zu widerrufen. Nehmen Sie per E-Mail Kontakt mit uns auf, so k\u00f6nnen Sie der Speicherung der personenbezogenen Daten jederzeit widersprechen.<br><br><\/li>\n<\/ol>\n\n\n\n<p><br><br>\n<strong>Kontaktaufnahme per Telefon<\/strong><\/p>\n\n\n\n<ol class=\"wp-block-list\">\n<li>Bei der Kontaktaufnahme mit uns per Telefon wird Ihre Telefonnummer zur Bearbeitung der Kontaktanfrage und deren Abwicklung verarbeitet und tempor\u00e4r im RAM \/ Cache des Telefonger\u00e4tes \/ Displays gespeichert bzw. angezeigt. Die Speicherung erfolgt aus Haftungs- und Sicherheitsgr\u00fcnden, um den Beweis des Anrufs f\u00fchren zu k\u00f6nnen sowie aus wirtschaftlichen Gr\u00fcnden, um einen R\u00fcckruf zu erm\u00f6glichen. Im Falle von unberechtigten Werbeanrufen, sperren wir die Rufnummern.<br><br><\/li>\n\n\n\n<li>Rechtsgrundlage f\u00fcr die Verarbeitung der Telefonnummer ist Art.&nbsp;6 Abs.&nbsp;1 S. 1 lit.&nbsp;f) DS-GVO. Zielt der Kontakt auf den Abschluss eines Vertrages ab, so ist zus\u00e4tzliche Rechtsgrundlage f\u00fcr die Verarbeitung Art.&nbsp;6 Abs.&nbsp;1 lit.&nbsp;b) DS-GVO.<br><br><\/li>\n\n\n\n<li>Der Ger\u00e4tecache speichert die Anrufe  Tage und \u00fcberschreibt bzw. l\u00f6scht sukzessiv alte Daten, bei Entsorgung des Ger\u00e4tes werden alle Daten gel\u00f6scht und der Speicher ggf. zerst\u00f6rt. Gesperrte Telefonnummer werden j\u00e4hrlich auf die Notwendigkeit der Sperrung gepr\u00fcft.<br><br><\/li>\n\n\n\n<li>Sie k\u00f6nnen die Anzeige der Telefonnummer verhindern, indem Sie mit unterdr\u00fcckter Telefonnummer anrufen.<br><br><\/li>\n<\/ol>\n\n\n\n<p><br><br>\n<strong>Pr\u00e4senz in sozialen Medien<\/strong><\/p>\n\n\n\n<ol class=\"wp-block-list\">\n<li>Wir unterhalten in sozialen Medien Profile bzw. Fanpages. Bei der Nutzung und dem Aufruf unseres Profils im jeweiligen Netzwerk durch Sie gelten die jeweiligen Datenschutzhinweise und Nutzungsbedingungen des jeweiligen Netzwerks.<br><br><\/li>\n\n\n\n<li><strong>Datenkategorien und Beschreibung der Datenverarbeitung:<\/strong> Nutzungsdaten, Kontaktdaten, Inhaltsdaten, Bestandsdaten. Ferner werden die Daten der Nutzer innerhalb sozialer Netzwerke im Regelfall f\u00fcr Marktforschungs- und Werbezwecke verarbeitet. So k\u00f6nnen z.B. anhand des Nutzungsverhaltens und sich daraus ergebender Interessen der Nutzer Nutzungsprofile erstellt werden. Die Nutzungsprofile k\u00f6nnen wiederum verwendet werden, um z.B. Werbeanzeigen innerhalb und au\u00dferhalb der Netzwerke zu schalten, die mutma\u00dflich den Interessen der Nutzer entsprechen. Zu diesen Zwecken werden im Regelfall Cookies auf den Rechnern der Nutzer gespeichert, in denen das Nutzungsverhalten und die Interessen der Nutzer gespeichert werden. Ferner k\u00f6nnen in den Nutzungsprofilen auch Daten unabh\u00e4ngig der von den Nutzern verwendeten Ger\u00e4te gespeichert werden (insbesondere, wenn die Nutzer Mitglieder der jeweiligen Plattformen sind und bei diesen eingeloggt sind). F\u00fcr eine detaillierte Darstellung der jeweiligen Verarbeitungsformen und der Widerspruchsm\u00f6glichkeiten (Opt-Out) verweisen wir auf die Datenschutzerkl\u00e4rungen und Angaben der Betreiber der jeweiligen Netzwerke. Auch im Fall von Auskunftsanfragen und der Geltendmachung von Betroffenenrechten weisen wir darauf hin, dass diese am effektivsten bei den Anbietern geltend gemacht werden k\u00f6nnen. Nur die Anbieter haben jeweils Zugriff auf die Daten der Nutzer und k\u00f6nnen direkt entsprechende Ma\u00dfnahmen ergreifen und Ausk\u00fcnfte geben. Sollten Sie dennoch Hilfe ben\u00f6tigen, dann k\u00f6nnen Sie sich an uns wenden.<br><br><\/li>\n\n\n\n<li><strong>Zweck der Verarbeitung:<\/strong> Kommunikation mit den auf den sozialen Netzwerken angeschlossenen und registrierten Nutzern; Information und Werbung f\u00fcr unsere Produkte, Angebote und Dienstleistungen; Au\u00dferdarstellung und Imagepflege; Auswertung und Analyse der Nutzer und Inhalte unserer Pr\u00e4senzen in den sozialen Medien.<br><br><\/li>\n\n\n\n<li><strong>Rechtsgrundlagen:<\/strong> Die Rechtsgrundlage f\u00fcr die Verarbeitung der personenbezogenen Daten ist unser in den obigen Zwecken liegendes berechtigtes Interesse gem\u00e4\u00df Art. 6 Abs. 1 S. 1 lit. f) DS-GVO. Soweit Sie uns bzw. dem Verantwortlichen des sozialen Netzwerks eine Einwilligung in die Verarbeitung Ihrer personenbezogenen Daten erteilt haben, ist Rechtsgrundlage Art. 6 Abs. 1 S. 1 lit. a) i.V.m. Art. 7 DS-GVO.<br><br><\/li>\n\n\n\n<li><strong>Daten\u00fcbermittlung\/Empf\u00e4ngerkategorie:<\/strong> Soziales Netzwerk. Soweit die US-Anbieter unter dem Privacy-Shield-Abkommen zertifiziert (<a href=\"https:\/\/www.privacyshield.gov\/EU-US-Framework\" target=\"_blank\" rel=\"noreferrer noopener\">https:\/\/www.privacyshield.gov\/EU-US-Framework<\/a>) sind, wird sichergestellt, dass das europ\u00e4ische Datenschutzrecht eingehalten wird.<br><br><\/li>\n\n\n\n<li>Die Datenschutzhinweise, Auskunftsm\u00f6glichkeiten und Widerspruchm\u00f6glichkeiten (Opt-Out) der jeweiligen Netzwerke \/ Diensteanbieter finden Sie hier:<br><br>\n            \u2022 <strong>Facebook<\/strong> \u2013 Diensteanbieter: Facebook Ireland Ltd., 4 Grand Canal Square, Grand Canal Harbour, Dublin 2, Irland); Website: <a href=\"http:\/\/www.facebook.com\/\" rel=\"noreferrer noopener\" target=\"_blank\">www.facebook.com<\/a>; Datenschutzerkl\u00e4rung:&nbsp;<a href=\"https:\/\/www.facebook.com\/about\/privacy\/\" rel=\"noreferrer noopener\" target=\"_blank\">https:\/\/www.facebook.com\/about\/privacy\/<\/a>, Opt-Out:&nbsp;<a href=\"https:\/\/www.facebook.com\/settings?tab=ads\" rel=\"noreferrer noopener\" target=\"_blank\">https:\/\/www.facebook.com\/settings?tab=ads<\/a>&nbsp;und&nbsp;<a href=\"http:\/\/www.youronlinechoices.com\/\" rel=\"noreferrer noopener\" target=\"_blank\">http:\/\/www.youronlinechoices.com<\/a>; Widerspruch: <a href=\"https:\/\/www.facebook.com\/help\/contact\/2061665240770586\" rel=\"noreferrer noopener\" target=\"_blank\">https:\/\/www.facebook.com\/help\/contact\/2061665240770586<\/a>; Privacy Shield:&nbsp;<a href=\"https:\/\/www.privacyshield.gov\/participant?id=a2zt0000000GnywAAC&amp;status=Active\" rel=\"noreferrer noopener\" target=\"_blank\">https:\/\/www.privacyshield.gov\/participant?id=a2zt0000000GnywAAC&amp;status=Active<\/a>;Vereinbarung \u00fcber gemeinsame Verarbeitung personenbezogener Daten auf Facebook-Seiten (Art. 26 DS-GVO): <a href=\"https:\/\/www.facebook.com\/legal\/terms\/page_controller_addendum\" rel=\"noreferrer noopener\" target=\"_blank\">https:\/\/www.facebook.com\/legal\/terms\/page_controller_addendum<\/a>, Datenschutzhinweise f\u00fcr Facebook-Seiten: <a href=\"https:\/\/www.facebook.com\/legal\/terms\/information_about_page_insights_data\" rel=\"noreferrer noopener\" target=\"_blank\">https:\/\/www.facebook.com\/legal\/terms\/information_about_page_insights_data<\/a>.<br><br>\n\n<\/li>\n<\/ol>\n\n\n\n<p><br><br>\n<strong>Social-Media-Plug-ins<\/strong><\/p>\n\n\n\n<ol class=\"wp-block-list\">\n<li>Wir setzen auf unserer Webseite Social-Media-Plug-ins von sozialen Netzwerken ein. Dabei nutzen wir die sog.&nbsp;\u201eZwei-Klick-L\u00f6sung\u201c-Shariff&nbsp;von c\u2019t bzw. heise.de: <a href=\"https:\/\/www.heise.de\/ct\/artikel\/Shariff-Social-Media-Buttons-mit-Datenschutz-2467514.html\" rel=\"noreferrer noopener\" target=\"_blank\">https:\/\/www.heise.de\/ct\/artikel\/Shariff-Social-Media-Buttons-mit-Datenschutz-2467514.html<\/a>; Dienstanbieter: Heise Medien GmbH &amp; Co. KG, Karl-Wiechert-Allee 10, 30625 Hannover, Deutschland; Datenschutzerkl\u00e4rung: <a href=\"https:\/\/www.heise.de\/Datenschutzerklaerung-der-Heise-Medien-GmbH-Co-KG-4860.html\" rel=\"noreferrer noopener\" target=\"_blank\">https:\/\/www.heise.de\/Datenschutzerklaerung-der-Heise-Medien-GmbH-Co-KG-4860.html<\/a>.<br><br><\/li>\n\n\n\n<li><strong>Datenkategorie und Beschreibung der Datenverarbeitung:<\/strong> Nutzungsdaten, Inhaltsdaten, Bestandsdaten. Beim Abruf unserer Website werden durch \u201eShariff\u201c&nbsp;<strong>keine personenbezogenen<\/strong> Daten&nbsp;an die Drittanbieter der Social-Plug-ins \u00fcbermittelt. Neben dem Logo bzw. der Marke des sozialen Netzwerks finden Sie einen Regler, mit dem Sie das Plug-in per Klick aktivieren k\u00f6nnen. Diese Aktivierung stellt Ihre <strong>Einwilligung<\/strong> in der Form dar, dass der jeweilige Anbieter des sozialen Netzwerks die Information erh\u00e4lt, dass Sie unsere Website aufgerufen haben und Ihre personenbezogenen Daten an den Anbieter des Plug-ins \u00fcbermittelt und dort gespeichert werden. Hierbei handelt es sich um sog. Thirdparty Cookies. Bei einigen Anbietern wie Facebook und XING wird nach deren Angaben Ihre IP nach der Erhebung sofort anonymisiert. Die \u00fcber den Nutzer erhobenen Daten speichert der Plug-in-Anbieter als Nutzungsprofile. <strong>Sie k\u00f6nnen Ihre Einwilligung jederzeit durch die Deaktivierung des Reglers widerrufen.<\/strong><br><br><\/li>\n\n\n\n<li><strong>Zweck der Datenverarbeitung:<\/strong> Verbesserung und Optimierung unserer Website; Steigerung unserer Bekanntheit mittels sozialer Netzwerke; M\u00f6glichkeit der Interaktion mit Ihnen und der Nutzer untereinander \u00fcber soziale Netzwerke; Werbung, Analyse und\/oder bedarfsgerechten Gestaltung der Website.<br><br><\/li>\n\n\n\n<li><strong>Rechtsgrundlagen:<\/strong> Die Rechtsgrundlage f\u00fcr die Verarbeitung der personenbezogenen Daten ist unser in den obigen Zwecken liegendes berechtigtes Interesse gem\u00e4\u00df Art. 6 Abs. 1 S. 1 lit. f) DS-GVO. Soweit Sie uns bzw. dem Verantwortlichen des sozialen Netzwerks eine Einwilligung in die Verarbeitung Ihrer personenbezogenen Daten erteilt haben, ist Rechtsgrundlage Art. 6 Abs. 1 S. 1 lit. a) i.V.m. Art. 7 DS-GVO. Bei vorvertraglichen Anfragen oder bei der Nutzung Ihrer personenbezogenen Daten zur Vertragserf\u00fcllung, ist Art. 6 Abs. 1 S. 1 lit. b) DS-GVO Rechtsgrundlage.<br><br><\/li>\n\n\n\n<li><strong>Daten\u00fcbermittlung\/Empf\u00e4ngerkategorie:<\/strong> Soziales Netzwerk; soweit die US-Anbieter unter dem Privacy-Shield-Abkommen zertifiziert (https:\/\/www.privacyshield.gov\/EU-US-Framework) sind, wird sichergestellt, dass das europ\u00e4ische Datenschutzrecht eingehalten wird.<br><br><\/li>\n\n\n\n<li><strong>Genutzte soziale Netzwerke und Widerspruch:<\/strong> Wir verweisen hinsichtlich des Zwecks und Umfangs der Datenerhebung und Verarbeitung auf die jeweiligen Datenschutzerkl\u00e4rungen der sozialen Netzwerke. Zudem finden Sie dort auch Hinweise zu Ihren Rechten und Einstellungsm\u00f6glichkeiten zum Schutz Ihrer personenbezogenen Daten. Ihnen steht ein Widerspruchsrecht gegen die Bildung dieser Nutzerprofile zu, wobei Sie sich zur Aus\u00fcbung dieser Rechte direkt an den jeweiligen Plug-in-Anbieter wenden k\u00f6nnen.<br><br><\/li>\n<\/ol>\n\n\n\n<p><strong>Facebook<\/strong><\/p>\n\n\n\n<ol class=\"wp-block-list\">\n<li>Wir haben auf unserer Website Plug-ins vom sozialen Netzwerk Facebook.com (Firmensitz in der EU: Facebook Ireland Ltd., 4 Grand Canal Square, Grand Canal Harbour, Dublin 2, Irland) im Rahmen der sog. \u201eZwei-Klick-L\u00f6sung\u201c von Shariff integriert.Diese erkennen Sie am Facebook-Logo \u201ef\u201c bzw. dem Zusatz \u201eLike\u201c, \u201eGef\u00e4llt mir\u201c oder \u201eShare\u201c.<br><br><\/li>\n\n\n\n<li>Sobald Sie willentlich das Facebook-Plug-in aktivieren, wird hierbei eine Verbindung von Ihrem Browser zu den Servern von Facebook hergestellt. Dabei erh\u00e4lt Facebook die Information, einschlie\u00dflich Ihrer IP, dass Sie unsere Website aufgerufen haben und \u00fcbertr\u00e4gt diese Information an Server von Facebook in den USA, wo diese Information gespeichert wird. Wenn Sie bei Facebook in Ihren Account eingeloggt sind, kann Facebook diese Information Ihrem Account zuordnen. Bei Nutzung der Funktionen des Plug-ins, z.B. Bet\u00e4tigung des \u201eLike\u201c-Buttons, werden diese Informationen ebenfalls von Ihrem Browser an die Server von Facebook in den USA \u00fcbertragen und dort gespeichert sowie in Ihrem Facebook-Profil und ggf. bei Ihren Freunden angezeigt.<br><br><\/li>\n\n\n\n<li>Zweck und Umfang der Datenerhebung sowie ihre weitere Verarbeitung und Nutzung der Daten durch Facebook sowie Ihre diesbez\u00fcglichen Rechte und Einstellungsm\u00f6glichkeiten zum Schutz Ihrer Privatsph\u00e4re, k\u00f6nnen Sie den Datenschutzhinweisen von Facebook entnehmen:&nbsp;<a href=\"https:\/\/www.facebook.com\/about\/privacy\/\" target=\"_blank\" rel=\"noreferrer noopener\">https:\/\/www.facebook.com\/about\/privacy\/<\/a>. Datenerhebung beim \u201eGef\u00e4llt mir\u201c-Button:&nbsp;<a href=\"https:\/\/www.facebook.com\/help\/186325668085084\" target=\"_blank\" rel=\"noreferrer noopener\">https:\/\/www.facebook.com\/help\/186325668085084<\/a>. Ihre Einstellungen hinsichtlich der Nutzung Ihrer Profildaten zu Werbezwecken bei Facebook k\u00f6nnen Sie hier verwalten und widersprechen:&nbsp;<a href=\"https:\/\/www.facebook.com\/ads\/preferences\/\" target=\"_blank\" rel=\"noreferrer noopener\">https:\/\/www.facebook.com\/ads\/preferences\/<\/a>.<br><br><\/li>\n\n\n\n<li>Wenn Sie sich bei Facebook vor dem Besuch unserer Website ausloggen und Ihre Cookies l\u00f6schen, werden bei der Aktivierung des Plug-ins keine Daten \u00fcber den Besuch unserer Website Ihrem Profil auf Facebook zugeordnet.<br><br><\/li>\n\n\n\n<li>Facebook hat sich dem Privacy Shield unterworfen und stellt damit sicher, dass europ\u00e4isches Datenschutzrecht eingehalten wird:&nbsp;<a href=\"https:\/\/www.privacyshield.gov\/EU-US-Framework\" target=\"_blank\" rel=\"noreferrer noopener\">https:\/\/www.privacyshield.gov\/EU-US-Framework<\/a>.<br><br><\/li>\n\n\n\n<li>Vereinbarung \u00fcber gemeinsame Verarbeitung personenbezogener Daten auf Facebook-Seiten (Art. 26 DS-GVO): <a href=\"https:\/\/www.facebook.com\/legal\/terms\/page_controller_addendum\" rel=\"noreferrer noopener\" target=\"_blank\">https:\/\/www.facebook.com\/legal\/terms\/page_controller_addendum<\/a>, Datenschutzhinweise f\u00fcr Facebook-Seiten: <a href=\"https:\/\/www.facebook.com\/legal\/terms\/information_about_page_insights_data\" rel=\"noreferrer noopener\" target=\"_blank\">https:\/\/www.facebook.com\/legal\/terms\/information_about_page_insights_data<\/a>.<br><br><\/li>\n<\/ol>\n\n\n\n<p><br><br>\n<strong>Rechte der betroffenen Person<\/strong><\/p>\n\n\n\n<ol class=\"wp-block-list\">\n<li><strong>Widerspruch oder Widerruf gegen die Verarbeitung Ihrer Daten<br><br><br>Soweit die Verarbeitung auf Ihrer Einwilligung gem\u00e4\u00df Art. 6 Abs. 1 S. 1 lit. a), Art. 7 DS-GVO beruht, haben Sie das Recht, die Einwilligung jederzeit zu widerrufen. Die Rechtm\u00e4\u00dfigkeit der aufgrund der Einwilligung bis zum Widerruf erfolgten Verarbeitung wird dadurch nicht ber\u00fchrt.<br><br><br>Soweit wir die Verarbeitung Ihrer personenbezogenen Daten auf die Interessenabw\u00e4gung gem\u00e4\u00df Art. 6 Abs. 1 S. 1 lit. f) DS-GVO st\u00fctzen, k\u00f6nnen Sie Widerspruch gegen die Verarbeitung einlegen. Dies ist der Fall, wenn die Verarbeitung insbesondere nicht zur Erf\u00fcllung eines Vertrags mit Ihnen erforderlich ist, was von uns jeweils bei der nachfolgenden Beschreibung der Funktionen dargestellt wird. Bei Aus\u00fcbung eines solchen Widerspruchs bitten wir um Darlegung der Gr\u00fcnde, weshalb wir Ihre personenbezogenen Daten nicht wie von uns durchgef\u00fchrt verarbeiten sollten. Im Falle Ihres begr\u00fcndeten Widerspruchs pr\u00fcfen wir die Sachlage und werden entweder die Datenverarbeitung einstellen bzw. anpassen oder Ihnen unsere zwingenden schutzw\u00fcrdigen Gr\u00fcnde aufzeigen, aufgrund derer wir die Verarbeitung fortf\u00fchren.<br><br><br>Sie k\u00f6nnen der Verarbeitung Ihrer personenbezogenen Daten f\u00fcr Zwecke der Werbung und Datenanalyse jederzeit widersprechen. Das Widerspruchsrecht k\u00f6nnen Sie kostenfrei aus\u00fcben. \u00dcber Ihren Werbewiderspruch k\u00f6nnen Sie uns unter folgenden Kontaktdaten informieren:<br><br><br><br>Vereins zur F\u00f6rderung der Freiwilligen Feuerwehr L\u00f6schbezirk Eppelborn e.V. <br>Schleidstrasse 19c<br>66571 Eppelborn<br>Registergericht: Ottweiler \/ Saarland<br>E-Mail-Adresse: info@fvlbe<br><\/strong> <br><\/li>\n\n\n\n<li><strong>Recht auf Auskunft<\/strong><br>\nSie haben ein Recht auf Auskunft \u00fcber Ihre bei uns gespeicherten pers\u00f6nlichen Daten nach Art. 15 DS-GVO. Dies beinhaltet insbesondere die Auskunft \u00fcber die Verarbeitungszwecke, die Kategorie der personenbezogenen Daten, die Kategorien von Empf\u00e4ngern, gegen\u00fcber denen Ihre Daten offengelegt wurden oder werden, die geplante Speicherdauer, die Herkunft ihrer Daten, sofern diese nicht direkt bei Ihnen erhoben wurden.<br><br><\/li>\n\n\n\n<li><strong>Recht auf Berichtigung<\/strong><br>\nSie haben ein Recht auf Berichtigung unrichtiger oder auf Vervollst\u00e4ndigung richtiger Daten nach Art. 16 DS-GVO.\n<br><br>\n<\/li>\n\n\n\n<li><strong>Recht auf L\u00f6schung<\/strong><br>\nSie haben ein Recht auf L\u00f6schung Ihrer bei uns gespeicherten Daten nach Art. 17 DS-GVO, es sei denn gesetzliche oder vertraglichen Aufbewahrungsfristen oder andere gesetzliche Pflichten bzw. Rechte zur weiteren Speicherung stehen dieser entgegen.\n<br><br>\n<\/li>\n\n\n\n<li><strong>Recht auf Einschr\u00e4nkung<\/strong><br>\nSie haben das Recht, eine Einschr\u00e4nkung bei der Verarbeitung Ihrer personenbezogenen Daten zu verlangen, wenn eine der Voraussetzungen in Art. 18 Abs. 1 lit. a) bis d) DS-GVO erf\u00fcllt ist:<br>\n\u2022 Wenn Sie die Richtigkeit der Sie betreffenden personenbezogenen f\u00fcr eine Dauer bestreiten, die es dem Verantwortlichen erm\u00f6glicht, die Richtigkeit der personenbezogenen Daten zu \u00fcberpr\u00fcfen;<br><br>\n\u2022 die Verarbeitung unrechtm\u00e4\u00dfig ist und Sie die L\u00f6schung der personenbezogenen Daten ablehnen und stattdessen die Einschr\u00e4nkung der Nutzung der personenbezogenen Daten verlangen;<br><br>\n\u2022 der Verantwortliche die personenbezogenen Daten f\u00fcr die Zwecke der Verarbeitung nicht l\u00e4nger ben\u00f6tigt, Sie diese jedoch zur Geltendmachung, Aus\u00fcbung oder Verteidigung von Rechtsanspr\u00fcchen ben\u00f6tigen, oder<br><br>\n\u2022 wenn Sie Widerspruch gegen die Verarbeitung gem\u00e4\u00df Art. 21 Abs. 1 DS-GVO eingelegt haben und noch nicht feststeht, ob die berechtigten Gr\u00fcnde des Verantwortlichen gegen\u00fcber Ihren Gr\u00fcnden \u00fcberwiegen.<br><br>\n<\/li>\n\n\n\n<li><strong>Recht auf Daten\u00fcbertragbarkeit<\/strong><br>\nSie haben ein Recht auf Daten\u00fcbertragbarkeit nach Art. 20 DS-GVO, was bedeutet, dass Sie die bei uns \u00fcber Sie gespeicherten personenbezogenen Daten in einem strukturierten, g\u00e4ngigen und maschinenlesbaren Format erhalten k\u00f6nnen oder die \u00dcbermittlung an einen anderen Verantwortlichen verlangen k\u00f6nnen.\n<br><br>\n<\/li>\n\n\n\n<li><strong>Recht auf Beschwerde<\/strong><br>\nSie haben ein Recht auf Beschwerde bei einer Aufsichtsbeh\u00f6rde. In der Regel k\u00f6nnen Sie sich hierf\u00fcr an die Aufsichtsbeh\u00f6rde insbesondere in dem Mitgliedstaat ihres Aufenthaltsorts, ihres Arbeitsplatzes oder des Orts des mutma\u00dflichen Versto\u00dfes wenden.\n<br><br>\n<\/li>\n<\/ol>\n\n\n\n<p><br><br>\n<strong>Datensicherheit<\/strong><\/p>\n\n\n\n<p>Um alle personenbezogen Daten, die an uns \u00fcbermittelt werden, zu sch\u00fctzen und um sicherzustellen, dass die Datenschutzvorschriften von uns, aber auch unseren externen Dienstleistern eingehalten werden, haben wir geeignete technische und organisatorische Sicherheitsma\u00dfnahmen getroffen. Deshalb werden unter anderem alle Daten zwischen Ihrem Browser und unserem Server \u00fcber eine sichere SSL-Verbindung verschl\u00fcsselt \u00fcbertragen.<\/p>\n\n\n\n<p><br><br> <strong>Stand: 14.03.2024<\/strong><\/p>\n\n\n\n<p>Quelle: <a href=\"https:\/\/www.juraforum.de\/datenschutzerklaerung-muster\/\">Muster-Datenschutzerkl\u00e4rung von JuraForum.de<\/a><\/p>\n","protected":false},"excerpt":{"rendered":"<p>Impressum Angaben gem\u00e4\u00df \u00a7 5 TMG Verein zur F\u00f6rderung der Freiwilligen Feuerwehr L\u00f6schbezirk Eppelborn e.V. Schleidstrasse 19c 66571 Eppelborn Vereinsregister: VR 870Registergericht: Amtsgericht Ottweiler Vertreten durch: 1. Vorsitzender, Markus Klaummann, lltalstra\u00dfe 54A, 66571 Eppelborn Webmaster, Rene Thulke, Lebacher Stra\u00dfe 11, 66571 Eppelborn Kontakt E-Mail: info@fvlbe.de Postadresse Schleidstrasse 19c 66571 Eppelborn Verbraucher\u00adstreit\u00adbeilegung\/Universal\u00adschlichtungs\u00adstelle Wir sind nicht bereit [&hellip;]<\/p>\n","protected":false},"author":1,"featured_media":0,"parent":0,"menu_order":0,"comment_status":"closed","ping_status":"closed","template":"template\/fullwidth.php","meta":{"ngg_post_thumbnail":0,"footnotes":""},"class_list":["post-138","page","type-page","status-publish","hentry"],"_links":{"self":[{"href":"https:\/\/foerderverein-lbz-eppelborn.de\/index.php?rest_route=\/wp\/v2\/pages\/138","targetHints":{"allow":["GET"]}}],"collection":[{"href":"https:\/\/foerderverein-lbz-eppelborn.de\/index.php?rest_route=\/wp\/v2\/pages"}],"about":[{"href":"https:\/\/foerderverein-lbz-eppelborn.de\/index.php?rest_route=\/wp\/v2\/types\/page"}],"author":[{"embeddable":true,"href":"https:\/\/foerderverein-lbz-eppelborn.de\/index.php?rest_route=\/wp\/v2\/users\/1"}],"replies":[{"embeddable":true,"href":"https:\/\/foerderverein-lbz-eppelborn.de\/index.php?rest_route=%2Fwp%2Fv2%2Fcomments&post=138"}],"version-history":[{"count":7,"href":"https:\/\/foerderverein-lbz-eppelborn.de\/index.php?rest_route=\/wp\/v2\/pages\/138\/revisions"}],"predecessor-version":[{"id":690,"href":"https:\/\/foerderverein-lbz-eppelborn.de\/index.php?rest_route=\/wp\/v2\/pages\/138\/revisions\/690"}],"wp:attachment":[{"href":"https:\/\/foerderverein-lbz-eppelborn.de\/index.php?rest_route=%2Fwp%2Fv2%2Fmedia&parent=138"}],"curies":[{"name":"wp","href":"https:\/\/api.w.org\/{rel}","templated":true}]}}