{"id":31,"date":"2020-02-17T13:09:07","date_gmt":"2020-02-17T13:09:07","guid":{"rendered":"http:\/\/foerderverein-lbz-eppelborn.de\/?page_id=31"},"modified":"2021-11-24T19:36:35","modified_gmt":"2021-11-24T17:36:35","slug":"projekte","status":"publish","type":"page","link":"https:\/\/foerderverein-lbz-eppelborn.de\/?page_id=31","title":{"rendered":"Projekte"},"content":{"rendered":"\n<hr class=\"wp-block-separator has-text-color has-background has-vivid-red-background-color has-vivid-red-color is-style-wide\"\/>\n\n\n\n<div class=\"wp-block-media-text alignwide is-stacked-on-mobile\" style=\"grid-template-columns:22% auto\"><figure class=\"wp-block-media-text__media\"><img loading=\"lazy\" decoding=\"async\" width=\"393\" height=\"321\" src=\"https:\/\/foerderverein-lbz-eppelborn.de\/wp-content\/uploads\/2021\/11\/Einsatzzelt-2.jpg\" alt=\"\" class=\"wp-image-605 size-full\" srcset=\"https:\/\/foerderverein-lbz-eppelborn.de\/wp-content\/uploads\/2021\/11\/Einsatzzelt-2.jpg 393w, https:\/\/foerderverein-lbz-eppelborn.de\/wp-content\/uploads\/2021\/11\/Einsatzzelt-2-300x245.jpg 300w\" sizes=\"auto, (max-width: 393px) 100vw, 393px\" \/><\/figure><div class=\"wp-block-media-text__content\">\n<p><strong>Einsatzzelt<\/strong><\/p>\n\n\n\n<p>Es ist unbestritten, dass die Herausforderungen und Aufgaben einer Feuerwehr stetig wachsen. Somit wachsen leider auch die Anforderungen an Mannschaft und Ger\u00e4t. <\/p>\n\n\n\n<p>Oftmals erschweren K\u00e4lte und Regen den Einsatz und dann gerade auch bei l\u00e4ngeren Eins\u00e4tzen, z.B. bei Personensuchen mit Unterst\u00fctzung der Drohnen-Einheit, bei Brandeins\u00e4tzen f\u00fcr die Atemschutztr\u00e4ger oder auch f\u00fcr die Einsatz- oder Abschnittsleitung, ist ein Zelt an der Einsatzstelle von gro\u00dfem Vorteil.<\/p>\n\n\n\n<p>Dies bietet nicht nur eingesetzten Atemschutztr\u00e4gern die M\u00f6glichkeit sich unbeobachtet im Trockenen umzuziehen (siehe auch hier unser schon umgesetztes Projekt <strong>Trainingsanz\u00fcge als Ersatzkleidung f\u00fcr Atemschutztr\u00e4ger<\/strong>), sondern auch die M\u00f6glichkeit Einsatzmittel einfach mal ins Trockenen zu bringen.<\/p>\n\n\n\n<p>Hier arbeiten wir an der Beschaffung.<\/p>\n<\/div><\/div>\n\n\n\n<hr class=\"wp-block-separator has-text-color has-background has-vivid-red-background-color has-vivid-red-color is-style-wide\"\/>\n\n\n\n<div class=\"wp-block-media-text alignwide is-stacked-on-mobile\" style=\"grid-template-columns:22% auto\"><figure class=\"wp-block-media-text__media\"><img loading=\"lazy\" decoding=\"async\" width=\"378\" height=\"313\" src=\"https:\/\/foerderverein-lbz-eppelborn.de\/wp-content\/uploads\/2021\/11\/Kueche.jpg\" alt=\"\" class=\"wp-image-606 size-full\" srcset=\"https:\/\/foerderverein-lbz-eppelborn.de\/wp-content\/uploads\/2021\/11\/Kueche.jpg 378w, https:\/\/foerderverein-lbz-eppelborn.de\/wp-content\/uploads\/2021\/11\/Kueche-300x248.jpg 300w\" sizes=\"auto, (max-width: 378px) 100vw, 378px\" \/><\/figure><div class=\"wp-block-media-text__content\">\n<p><strong>Erneuerung Einbauk\u00fcche<\/strong><\/p>\n\n\n\n<p>Das Ger\u00e4tehaus des L\u00f6schbezirks Eppelborn wurde 1982 erbaut. Genau so alt ist auch die K\u00fcche, welche nun leider mittlerweile auch in Mitleidenschaft gezogen wurde.<\/p>\n\n\n\n<p>Die K\u00fcche wird sowohl bei kameradschaftlichen Veranstaltungen, f\u00fcr die Bewirtung bei Aus- und Weiterbildung, aber auch f\u00fcr die Verpflegung der Einsatzkr\u00e4fte bei l\u00e4ngeren Eins\u00e4tzen verwendet. <\/p>\n\n\n\n<p>Hier versuchen eine neue Einbauk\u00fcche f\u00fcr das Ger\u00e4tehaus zu erm\u00f6glichen.<\/p>\n<\/div><\/div>\n\n\n\n<hr class=\"wp-block-separator has-text-color has-background has-vivid-red-background-color has-vivid-red-color is-style-wide\"\/>\n\n\n\n<div class=\"wp-block-media-text alignwide is-stacked-on-mobile\" style=\"grid-template-columns:22% auto\"><figure class=\"wp-block-media-text__media\"><img loading=\"lazy\" decoding=\"async\" width=\"406\" height=\"348\" src=\"https:\/\/foerderverein-lbz-eppelborn.de\/wp-content\/uploads\/2021\/11\/Ueberdachung-2.jpg\" alt=\"\" class=\"wp-image-623 size-full\" srcset=\"https:\/\/foerderverein-lbz-eppelborn.de\/wp-content\/uploads\/2021\/11\/Ueberdachung-2.jpg 406w, https:\/\/foerderverein-lbz-eppelborn.de\/wp-content\/uploads\/2021\/11\/Ueberdachung-2-300x257.jpg 300w\" sizes=\"auto, (max-width: 406px) 100vw, 406px\" \/><\/figure><div class=\"wp-block-media-text__content\">\n<p><strong>Grillplatz<\/strong>&#8211;<strong>\u00dcberdachung<\/strong><\/p>\n\n\n\n<p>Nat\u00fcrlich geh\u00f6rt zu einem saarl\u00e4ndischem Ger\u00e4tehaus auch ein Grillplatz mit Schwenker. Der Platz und der Schwenker w\u00e4re schon vorhanden. Leider fehlt hier aber noch eine \u00dcberdachung, so dass man sich auch mal bei einem leichten Regenschauer &#8222;drau\u00dfen&#8220; aufhalten kann. <\/p>\n\n\n\n<p>Diese \u00dcberdachung soll dann auch w\u00e4hrend des Feuerwehrfestes als \u00dcberdachung f\u00fcr die &#8222;Sp\u00fclmannschaft&#8220; dienen. Hierzu muss der L\u00f6schbezirk jedes Jahr noch ein Zelt anmieten und auf- und abbauen. <\/p>\n<\/div><\/div>\n\n\n\n<hr class=\"wp-block-separator has-text-color has-background has-vivid-red-background-color has-vivid-red-color is-style-wide\"\/>\n\n\n\n<div class=\"wp-block-media-text alignwide is-stacked-on-mobile\" style=\"grid-template-columns:22% auto\"><figure class=\"wp-block-media-text__media\"><img loading=\"lazy\" decoding=\"async\" width=\"1001\" height=\"667\" src=\"https:\/\/foerderverein-lbz-eppelborn.de\/wp-content\/uploads\/2020\/05\/MTW.jpg\" alt=\"\" class=\"wp-image-335 size-full\" srcset=\"https:\/\/foerderverein-lbz-eppelborn.de\/wp-content\/uploads\/2020\/05\/MTW.jpg 1001w, https:\/\/foerderverein-lbz-eppelborn.de\/wp-content\/uploads\/2020\/05\/MTW-300x200.jpg 300w, https:\/\/foerderverein-lbz-eppelborn.de\/wp-content\/uploads\/2020\/05\/MTW-768x512.jpg 768w, https:\/\/foerderverein-lbz-eppelborn.de\/wp-content\/uploads\/2020\/05\/MTW-600x400.jpg 600w, https:\/\/foerderverein-lbz-eppelborn.de\/wp-content\/uploads\/2020\/05\/MTW-800x533.jpg 800w\" sizes=\"auto, (max-width: 1001px) 100vw, 1001px\" \/><\/figure><div class=\"wp-block-media-text__content\">\n<p><strong><strong>Anh\u00e4ngerkupplung f\u00fcr den MTW\u00a0<br>(umgesetzt im Februar 2021)<\/strong><\/strong><\/p>\n\n\n\n<p>Unser MTW (Mannschaftstransportwagen) wurde leider ohne Anh\u00e4ngerkupplung bestellt. Jetzt kommt es aber auch bei der Feuerwehr mal vor, dass mittels Anh\u00e4nger was transportiert werden muss.<\/p>\n\n\n\n<p><strong><br>Hier hat sich die Autogalerie Saar bereit erkl\u00e4rt, die Anh\u00e4ngerkupplung inkl. den Einbau zu \u00fcbernehmen. Hier nochmals vielen DANK<\/strong><\/p>\n<\/div><\/div>\n\n\n\n<hr class=\"wp-block-separator has-text-color has-background has-vivid-red-background-color has-vivid-red-color is-style-wide\"\/>\n\n\n\n<div class=\"wp-block-media-text alignwide is-stacked-on-mobile\" style=\"grid-template-columns:22% auto\"><figure class=\"wp-block-media-text__media\"><img loading=\"lazy\" decoding=\"async\" width=\"1024\" height=\"435\" src=\"https:\/\/foerderverein-lbz-eppelborn.de\/wp-content\/uploads\/2020\/02\/01_Effizienz-1024x435.jpg\" alt=\"\" class=\"wp-image-262 size-full\" srcset=\"https:\/\/foerderverein-lbz-eppelborn.de\/wp-content\/uploads\/2020\/02\/01_Effizienz-1024x435.jpg 1024w, https:\/\/foerderverein-lbz-eppelborn.de\/wp-content\/uploads\/2020\/02\/01_Effizienz-300x127.jpg 300w, https:\/\/foerderverein-lbz-eppelborn.de\/wp-content\/uploads\/2020\/02\/01_Effizienz-768x326.jpg 768w, https:\/\/foerderverein-lbz-eppelborn.de\/wp-content\/uploads\/2020\/02\/01_Effizienz-600x255.jpg 600w, https:\/\/foerderverein-lbz-eppelborn.de\/wp-content\/uploads\/2020\/02\/01_Effizienz-800x340.jpg 800w, https:\/\/foerderverein-lbz-eppelborn.de\/wp-content\/uploads\/2020\/02\/01_Effizienz.jpg 1109w\" sizes=\"auto, (max-width: 1024px) 100vw, 1024px\" \/><\/figure><div class=\"wp-block-media-text__content\">\n<p><strong>Digitalisierung<\/strong><\/p>\n\n\n\n<p>Seit Ende des Jahres 2020 unterst\u00fctzen wir nicht nur monet\u00e4r, sondern auch ideell und mit eigenen Umsetzungen bei dem Thema Digitalisierung.<\/p>\n\n\n\n<p>Ausf\u00fchrliche Infos sind hier zusammengefasst: <a href=\"https:\/\/foerderverein-lbz-eppelborn.de\/?page_id=261\">Digitalisierungs-Strategie der Feuerwehr Eppelborn<\/a><\/p>\n<\/div><\/div>\n\n\n\n<hr class=\"wp-block-separator has-text-color has-background has-vivid-red-background-color has-vivid-red-color is-style-wide\"\/>\n\n\n\n<div class=\"wp-block-media-text alignwide is-stacked-on-mobile\" style=\"grid-template-columns:22% auto\"><figure class=\"wp-block-media-text__media\"><img loading=\"lazy\" decoding=\"async\" width=\"1024\" height=\"498\" src=\"https:\/\/foerderverein-lbz-eppelborn.de\/wp-content\/uploads\/2021\/07\/Einsatztablets_01-1024x498.jpg\" alt=\"\" class=\"wp-image-552 size-full\" srcset=\"https:\/\/foerderverein-lbz-eppelborn.de\/wp-content\/uploads\/2021\/07\/Einsatztablets_01-1024x498.jpg 1024w, https:\/\/foerderverein-lbz-eppelborn.de\/wp-content\/uploads\/2021\/07\/Einsatztablets_01-300x146.jpg 300w, https:\/\/foerderverein-lbz-eppelborn.de\/wp-content\/uploads\/2021\/07\/Einsatztablets_01-768x373.jpg 768w, https:\/\/foerderverein-lbz-eppelborn.de\/wp-content\/uploads\/2021\/07\/Einsatztablets_01-1536x747.jpg 1536w, https:\/\/foerderverein-lbz-eppelborn.de\/wp-content\/uploads\/2021\/07\/Einsatztablets_01.jpg 1800w\" sizes=\"auto, (max-width: 1024px) 100vw, 1024px\" \/><\/figure><div class=\"wp-block-media-text__content\">\n<p><strong>Erste Tablets f\u00fcr unsere Einsatzfahrzeuge\u00a0<br>(umgesetzt im September 2020)<\/strong><\/p>\n\n\n\n<p>Die Einsatztablets sind Bestandteil der\u00a0<a href=\"https:\/\/foerderverein-lbz-eppelborn.de\/?page_id=261\">Digitalisierungs-Strategie der Feuerwehr Eppelborn<\/a> und sollen im Weiteren f\u00fcr alle Einsatzfahrzeuge beschafft werden.<\/p>\n\n\n\n<p>Ein Erweiterung unseres Alarmmonitors (s.u.) ist das Alarm-Web. Das Alarm-Web ist eine Internetanwendung, welches bei Alarmierung die Einsatzdaten inkl. der Einsatzadresse zur Verf\u00fcgung stellt. \u00dcber die verlinkte Routenplanung kann dann direkt zur Einsatzadresse navigiert werden. Auch enth\u00e4lt das Alarmweb Informationen zu Einsatzpl\u00e4nen, Chemie-Datenbanken, Rettungskarten zu Fahrzeugen, Telefon- und Funknamenlisten etc. welche auf der Anfahrt zur Einstelle oder vor Ort online angefragt werden k\u00f6nnen.<\/p>\n<\/div><\/div>\n\n\n\n<hr class=\"wp-block-separator has-text-color has-background has-vivid-red-background-color has-vivid-red-color is-style-wide\"\/>\n\n\n\n<div class=\"wp-block-media-text alignwide is-stacked-on-mobile\" style=\"grid-template-columns:22% auto\"><figure class=\"wp-block-media-text__media\"><img loading=\"lazy\" decoding=\"async\" width=\"370\" height=\"476\" src=\"https:\/\/foerderverein-lbz-eppelborn.de\/wp-content\/uploads\/2021\/11\/Abstuetzlager.jpg\" alt=\"\" class=\"wp-image-631 size-full\" srcset=\"https:\/\/foerderverein-lbz-eppelborn.de\/wp-content\/uploads\/2021\/11\/Abstuetzlager.jpg 370w, https:\/\/foerderverein-lbz-eppelborn.de\/wp-content\/uploads\/2021\/11\/Abstuetzlager-233x300.jpg 233w\" sizes=\"auto, (max-width: 370px) 100vw, 370px\" \/><\/figure><div class=\"wp-block-media-text__content\">\n<p><strong>Abst\u00fctzlager f\u00fcr den R\u00fcstwagen\u00a0<br>(umgesetzt im August 2020)<\/strong><\/p>\n\n\n\n<p>Der RW (R\u00fcstwagen), die fahrende Werkzeugkiste des L\u00f6schbezirks Eppelborn, ist f\u00fcr allm\u00f6gliche technischen Eins\u00e4tze ausger\u00fcstet. Bei den ersten \u00dcbungen mit den neuen Werkzeugen fanden die Einsatzkr\u00e4fte auch sehr schnell heraus &#8222;was man sich noch w\u00fcnschen k\u00f6nnte&#8220;. Hier kam man auf ein Abst\u00fctzlager, welcher bei KFZ-Unf\u00e4llen Verwendung findet. Das Abst\u00fctzlager gibt dem Rettungszylinder entsprechenden Halt, um evtl. Fahrzeugteile wegzudr\u00fccken um an verletzte\/eingeklemmte Personen heranzukommen.<\/p>\n\n\n\n<p><strong>Die Kosten des Abst\u00fctzlagers wurden von Karl Gro\u00df, KFZ Sachverst\u00e4ndiger aus Eppelborn \u00fcbernommen. Hier nochmals vielen DANK<\/strong><\/p>\n<\/div><\/div>\n\n\n\n<hr class=\"wp-block-separator has-text-color has-background has-vivid-red-background-color has-vivid-red-color is-style-wide\"\/>\n\n\n\n<div class=\"wp-block-media-text alignwide is-stacked-on-mobile\" style=\"grid-template-columns:22% auto\"><figure class=\"wp-block-media-text__media\"><img loading=\"lazy\" decoding=\"async\" width=\"287\" height=\"312\" src=\"https:\/\/foerderverein-lbz-eppelborn.de\/wp-content\/uploads\/2021\/07\/tainingsanzug.png\" alt=\"\" class=\"wp-image-473 size-full\" srcset=\"https:\/\/foerderverein-lbz-eppelborn.de\/wp-content\/uploads\/2021\/07\/tainingsanzug.png 287w, https:\/\/foerderverein-lbz-eppelborn.de\/wp-content\/uploads\/2021\/07\/tainingsanzug-276x300.png 276w\" sizes=\"auto, (max-width: 287px) 100vw, 287px\" \/><\/figure><div class=\"wp-block-media-text__content\">\n<p><strong>Trainingsanz\u00fcge als Ersatzkleidung f\u00fcr Atemschutztr\u00e4ger&nbsp;<br>(umgesetzt im April 2020)<\/strong><\/p>\n\n\n\n<p>Kommt es bei Alarmfall auch zum Einsatz von Atemschutztr\u00e4ger, so darf vor allem, z.B. im Brandfall \u201edekonterminierte Einsatzkleidung\u201c nicht mehr ins Fahrzeuginnere.&nbsp; Dies dient nicht nur der Sauberkeit der Fahrzeuge sondern vor allem der Gesundheit der Einsatzkr\u00e4fte. Durch den F\u00f6rderverein wurden nun dem L\u00f6schbezirk Trainingsanz\u00fcge in unterschiedlichen Gr\u00f6\u00dfen zur Verf\u00fcgung gestellt, so das die Einsatzkr\u00e4fte sich noch am Einsatzort umziehen k\u00f6nnen. Die getragene Einsatzkleidung wird in S\u00e4cke luftdicht verpackt dann zur\u00fcckgefahren und einer Spezialreinigung \u00fcbergeben.<\/p>\n<\/div><\/div>\n\n\n\n<hr class=\"wp-block-separator has-text-color has-background has-vivid-red-background-color has-vivid-red-color is-style-wide\"\/>\n\n\n\n<div class=\"wp-block-media-text alignwide is-stacked-on-mobile\" style=\"grid-template-columns:22% auto\"><figure class=\"wp-block-media-text__media\"><img loading=\"lazy\" decoding=\"async\" width=\"437\" height=\"441\" src=\"https:\/\/foerderverein-lbz-eppelborn.de\/wp-content\/uploads\/2021\/11\/Regenbegleitung-1.jpg\" alt=\"\" class=\"wp-image-611 size-full\" srcset=\"https:\/\/foerderverein-lbz-eppelborn.de\/wp-content\/uploads\/2021\/11\/Regenbegleitung-1.jpg 437w, https:\/\/foerderverein-lbz-eppelborn.de\/wp-content\/uploads\/2021\/11\/Regenbegleitung-1-297x300.jpg 297w, https:\/\/foerderverein-lbz-eppelborn.de\/wp-content\/uploads\/2021\/11\/Regenbegleitung-1-150x150.jpg 150w\" sizes=\"auto, (max-width: 437px) 100vw, 437px\" \/><\/figure><div class=\"wp-block-media-text__content\">\n<p><strong>Regenbekleidung<\/strong><br><strong>(umgesetzt im M\u00e4rz 2020)<\/strong><\/p>\n\n\n\n<p>Leider geh\u00f6rt, trotz hohem Bedarf, eine Regenbekleidung (Regenjacke, Regenhose, Gummistiefel) nicht zur pers\u00f6nlichen Schutzausr\u00fcstung. Daher steht aus Gemeindesicht auch leider kein Budget zur Verf\u00fcgung. <\/p>\n\n\n\n<p><strong>Hier konnte der F\u00f6rderverein \u00fcber ein Sponsoring, jedem aktiven Mitglied eine entsprechende Bekleidung inkl. Gummistiefeln zur Verf\u00fcgung zu stellen. Hier nochmals vielen DANK<\/strong>.<\/p>\n<\/div><\/div>\n\n\n\n<hr class=\"wp-block-separator has-text-color has-background has-vivid-red-background-color has-vivid-red-color is-style-wide\"\/>\n\n\n\n<div class=\"wp-block-media-text alignwide is-stacked-on-mobile\" style=\"grid-template-columns:22% auto\"><figure class=\"wp-block-media-text__media\"><img loading=\"lazy\" decoding=\"async\" width=\"501\" height=\"669\" src=\"https:\/\/foerderverein-lbz-eppelborn.de\/wp-content\/uploads\/2021\/07\/Drohne_02.jpg\" alt=\"\" class=\"wp-image-548 size-full\" srcset=\"https:\/\/foerderverein-lbz-eppelborn.de\/wp-content\/uploads\/2021\/07\/Drohne_02.jpg 501w, https:\/\/foerderverein-lbz-eppelborn.de\/wp-content\/uploads\/2021\/07\/Drohne_02-225x300.jpg 225w\" sizes=\"auto, (max-width: 501px) 100vw, 501px\" \/><\/figure><div class=\"wp-block-media-text__content\">\n<p><strong>Luftunterst\u00fctzung durch Drohnen-Einsatz<\/strong><br><strong>(umgesetzt im Februar 2020)<\/strong><\/p>\n\n\n\n<p>Im Februar 2020 erhielt die Eppelborner Feuerwehr eine Drohne. Der Einsatz von Drohnen ist ein aktueller Trend, um die Vielzahl der Einsatzzwecke von Feuerwehren besser unterst\u00fctzen zu k\u00f6nnen. Die Verwendungsm\u00f6glichkeit reicht von Lageerkundung, \u00fcber Personen- und Tiersuche bis hin zur Gefahrstoffmessung.<\/p>\n\n\n\n<p><strong>Der F\u00f6rderverein konnte solch eine Drohne (Copter) an B\u00fcrgermeister Dr. Andreas Feld \u00fcbergeben. Gespendet hat das rund 4.000\u20ac teure Ger\u00e4t der Eppelborner Unternehmer Heribert Ehlen, der selbst aktives Mitglied im L\u00f6schbezirk Eppelborn ist.<\/strong> <strong>Hier nochmals vielen DANK<\/strong>.<\/p>\n<\/div><\/div>\n\n\n\n<hr class=\"wp-block-separator has-text-color has-background has-vivid-red-background-color has-vivid-red-color is-style-wide\"\/>\n\n\n\n<div class=\"wp-block-media-text alignwide is-stacked-on-mobile\" style=\"grid-template-columns:22% auto\"><figure class=\"wp-block-media-text__media\"><img loading=\"lazy\" decoding=\"async\" width=\"1024\" height=\"498\" src=\"https:\/\/foerderverein-lbz-eppelborn.de\/wp-content\/uploads\/2021\/07\/FZ_TV02-1024x498.jpg\" alt=\"\" class=\"wp-image-508 size-full\" srcset=\"https:\/\/foerderverein-lbz-eppelborn.de\/wp-content\/uploads\/2021\/07\/FZ_TV02-1024x498.jpg 1024w, https:\/\/foerderverein-lbz-eppelborn.de\/wp-content\/uploads\/2021\/07\/FZ_TV02-300x146.jpg 300w, https:\/\/foerderverein-lbz-eppelborn.de\/wp-content\/uploads\/2021\/07\/FZ_TV02-768x373.jpg 768w, https:\/\/foerderverein-lbz-eppelborn.de\/wp-content\/uploads\/2021\/07\/FZ_TV02-1536x747.jpg 1536w, https:\/\/foerderverein-lbz-eppelborn.de\/wp-content\/uploads\/2021\/07\/FZ_TV02.jpg 1800w\" sizes=\"auto, (max-width: 1024px) 100vw, 1024px\" \/><\/figure><div class=\"wp-block-media-text__content\">\n<p><strong>Erweiterung der Funkzentrale<\/strong><br><strong>(umgesetzt im Januar 2020)<\/strong><\/p>\n\n\n\n<p>Die Funkzentrale ist die zentrale Leit- und Kommunikationsstelle. Hier kommt das Alarmfax an und hier wird auch die Alarmannahme an die Leitstelle zur\u00fcckgemeldet. Bei gr\u00f6\u00dferen Eins\u00e4tzen oder Schadenslagen (z.B. Sturm, Hochwasser), k\u00f6nnen von hier aus auch alle lokalen Einsatzkr\u00e4fte und Materialien koordiniert werden.<\/p>\n\n\n\n<p>In der Funkzentrale stehen neben einem Rechner auch weitere Bildschirme mit der Anzeige der Alarmdaten und der Fahrzeugstatus zur Verf\u00fcgung. An dem Rechner konnte nun ein gr\u00f6\u00dferer Fernseher als Zweit-Bildschirm angeschlossen werden. Dieser Bildschirm kann dann als Besprechungs-Bildschirm mit Anzeige der Lagekarte \/ Einsatzdaten oder auch als Info-Bildschirm mit den aktuellen Wetterdaten oder News-Ticker bei l\u00e4ngeren Eins\u00e4tzen dargestellt werden.<\/p>\n\n\n\n<p><strong>Hier konnte der F\u00f6rderverein den von Stefan Morgenstern gespendeten Fernseher zur Verf\u00fcgung stellen. Des Weitern wurde ein TV-Halter und mehrere weitere ben\u00f6tigte Kabel vom F\u00f6rderverein bereitgestellt.<\/strong><\/p>\n<\/div><\/div>\n\n\n\n<hr class=\"wp-block-separator has-text-color has-background has-vivid-red-background-color has-vivid-red-color is-style-wide\"\/>\n\n\n\n<div class=\"wp-block-media-text alignwide is-stacked-on-mobile\" style=\"grid-template-columns:22% auto\"><figure class=\"wp-block-media-text__media\"><img loading=\"lazy\" decoding=\"async\" width=\"1024\" height=\"768\" src=\"https:\/\/foerderverein-lbz-eppelborn.de\/wp-content\/uploads\/2020\/02\/Alarm_02-1-1024x768.jpg\" alt=\"\" class=\"wp-image-75 size-full\" srcset=\"https:\/\/foerderverein-lbz-eppelborn.de\/wp-content\/uploads\/2020\/02\/Alarm_02-1-1024x768.jpg 1024w, https:\/\/foerderverein-lbz-eppelborn.de\/wp-content\/uploads\/2020\/02\/Alarm_02-1-300x225.jpg 300w, https:\/\/foerderverein-lbz-eppelborn.de\/wp-content\/uploads\/2020\/02\/Alarm_02-1-768x576.jpg 768w, https:\/\/foerderverein-lbz-eppelborn.de\/wp-content\/uploads\/2020\/02\/Alarm_02-1-1536x1152.jpg 1536w, https:\/\/foerderverein-lbz-eppelborn.de\/wp-content\/uploads\/2020\/02\/Alarm_02-1-2048x1536.jpg 2048w\" sizes=\"auto, (max-width: 1024px) 100vw, 1024px\" \/><\/figure><div class=\"wp-block-media-text__content\">\n<p><strong>Eigenentwicklung eines Alarmmonitors<\/strong><br><strong>(Umsetzung seit Mitte 2019, bis heute werden ab und an noch Erweiterungen entwickelt)<\/strong><\/p>\n\n\n\n<p>Der \u201eAlarmmonitor\u201c besitzt eine \u00e4hnliche Wortvielfalt analog dem saarl\u00e4ndischem Schwenker. Der saarl\u00e4ndische Schwenker beschreibt das Dreibein mit Rost, das Fleisch und derjenige der das Fleisch auf dem Dreibein zubereitet. Der Alarmmonitor besitzt leider nur zwei Bezeichnungen, einmal der Anzeigebildschirmen (TV, Computerbildschirm) und zum zweiten die eigentlichen Software welche die unterschiedlichen Funktionen steuert.<\/p>\n\n\n\n<p>Der Alarmmonitor beinhaltet den Bereitschaftsbildschirm (Anzeige der Uhrzeit und Datum, Fahrzeugstatus, Notizen und Wetterdaten) und dem Alarmbildschirm (Anzeige der Alarminformationen und Lagekarte). Bei Alarmierung wechselt automatisch der Bereitschaftsbildschirm auf den Alarmbildschirm und zeigt dort alle Alarmdaten an. Die unterst\u00fctzt vor allem die anr\u00fcckenden Einsatzkr\u00e4fte beim Eintreffen in das Ger\u00e4tehaus, hier vor allem auch den Fahrern der Fahrzeuge welche den Einsatzort nochmals auf der Karte visualisiert dargestellt bekommen.&nbsp;<a href=\"https:\/\/foerderverein-lbz-eppelborn.de\/?page_id=261\">Hier<\/a>&nbsp;geht es zu einer detaillierteren Beschreibung.<\/p>\n\n\n\n<p><strong>Hier konnte der F\u00f6rderverein einen Fernseher, gespendet von Elektro Meyer \u2013 Heusweiler, dem L\u00f6schbezirk zur Verf\u00fcgung stellen. Durch die eigene Programmierung der Anwendung werden j\u00e4hrlich mindestens 400\u20ac Lizenkosten im Vergleich zu anderen Softwareprodukten eingespart.<\/strong><\/p>\n<\/div><\/div>\n\n\n\n<hr class=\"wp-block-separator has-text-color has-background has-vivid-red-background-color has-vivid-red-color is-style-wide\"\/>\n\n\n\n<div class=\"wp-block-media-text alignwide is-stacked-on-mobile\" style=\"grid-template-columns:22% auto\"><figure class=\"wp-block-media-text__media\"><img loading=\"lazy\" decoding=\"async\" width=\"768\" height=\"1024\" src=\"https:\/\/foerderverein-lbz-eppelborn.de\/wp-content\/uploads\/2021\/07\/Kabel_01-768x1024.jpg\" alt=\"\" class=\"wp-image-488 size-full\" srcset=\"https:\/\/foerderverein-lbz-eppelborn.de\/wp-content\/uploads\/2021\/07\/Kabel_01-768x1024.jpg 768w, https:\/\/foerderverein-lbz-eppelborn.de\/wp-content\/uploads\/2021\/07\/Kabel_01-225x300.jpg 225w, https:\/\/foerderverein-lbz-eppelborn.de\/wp-content\/uploads\/2021\/07\/Kabel_01.jpg 900w\" sizes=\"auto, (max-width: 768px) 100vw, 768px\" \/><\/figure><div class=\"wp-block-media-text__content\">\n<p><strong>Erweiterung und Optimierung der IT-Infrastruktur<\/strong><br><strong>(umgesetzt von Mitte 2019 bis Februar 2020)<\/strong><\/p>\n\n\n\n<p>Das Feuerwehrger\u00e4tehaus des L\u00f6schbezirks Eppelborn ging 1982 \u201ein Betrieb\u201c. Jetzt ohne Google bem\u00fchen zu m\u00fcssen ist klar, das der damalige Ausbau einer \u201eIT-Infrastruktur\u201c wie heute in jedem Haushalt Einzug h\u00e4lt, damals keine Frage war.<\/p>\n\n\n\n<p>In 2019 wurde dann aufger\u00e4umt und optimiert. So wurde die meiste Technik (Telefonanlage, Fritzbox, Switches etc.) zusammen in einen separaten Schaltschrank in die Werkstatt der Ger\u00e4tewarte verlagert. In der Funkzentrale sind nur noch die wichtigsten Ger\u00e4te wie Drucker, Fax und Rechner geblieben. F\u00fcr die Netzwerk-Verbindungen wurden \u00fcber 800m Duplex-LAN-Kabel neu verlegt und 3 WLAN-Access-Points f\u00fcr ein optimales WLAN verbaut. In diesem Zuge wurden auch einige Stromkabel neu verlegt.<\/p>\n\n\n\n<p><strong>Die gesamte Planung und Durchf\u00fchrung aller Umbauma\u00dfnahmen, wurden von den aktiven Feuerwehrkameraden und Mitgliedern des F\u00f6rdervereins umgesetzt. Die Gemeinde hat hier alleine nur an Arbeitsleistung ca. 12.000\u20ac an Lohnkosten eingespart.<\/strong><\/p>\n<\/div><\/div>\n\n\n\n<hr class=\"wp-block-separator has-text-color has-background has-vivid-red-background-color has-vivid-red-color is-style-wide\"\/>\n\n\n\n<div class=\"wp-block-media-text alignwide is-stacked-on-mobile\" style=\"grid-template-columns:22% auto\"><figure class=\"wp-block-media-text__media\"><img loading=\"lazy\" decoding=\"async\" width=\"889\" height=\"667\" src=\"https:\/\/foerderverein-lbz-eppelborn.de\/wp-content\/uploads\/2021\/07\/stiefelwaschanlage_01.jpg\" alt=\"\" class=\"wp-image-484 size-full\" srcset=\"https:\/\/foerderverein-lbz-eppelborn.de\/wp-content\/uploads\/2021\/07\/stiefelwaschanlage_01.jpg 889w, https:\/\/foerderverein-lbz-eppelborn.de\/wp-content\/uploads\/2021\/07\/stiefelwaschanlage_01-300x225.jpg 300w, https:\/\/foerderverein-lbz-eppelborn.de\/wp-content\/uploads\/2021\/07\/stiefelwaschanlage_01-768x576.jpg 768w\" sizes=\"auto, (max-width: 889px) 100vw, 889px\" \/><\/figure><div class=\"wp-block-media-text__content\">\n<p id=\"block-adb5ec94-2d69-4fb9-985f-e3b6cbdbc379\"><strong><br>Stiefelwaschanlage<\/strong><br><strong>(umgesetzt im Janur 2020)<\/strong><\/p>\n\n\n\n<p id=\"block-96462dfb-19aa-4051-8bf5-d2f58bd8cb41\">Auch wenn man es als selbstverst\u00e4ndlich sehen kann, dass solche Helferlein zu der Standardausr\u00fcstung eines Feuerwehrger\u00e4tehaus z\u00e4hlen sollten, so m\u00fcssen diese aber auch besorgt und vor allem auch bezahlt werden.<\/p>\n\n\n\n<p id=\"block-3e3ef95a-f5ce-4299-bb10-ec3ab9c42511\">Eine Stiefelwaschanlage bietet den Einsatzkr\u00e4ften nach \u00dcbungen und Eins\u00e4tzen die M\u00f6glichkeit, die Stiefel einfach und effektiv von Dreck zu befreien.<\/p>\n\n\n\n<p id=\"block-d6bb4f37-b624-4b65-a302-2faa5a8e72c8\"><strong>Der F\u00f6rderverein konnte eine solche Anlage beschaffen und diese im Januar 2020 an die Wehr \u00fcbergeben.<\/strong><\/p>\n<\/div><\/div>\n\n\n\n<hr class=\"wp-block-separator has-text-color has-background has-vivid-red-background-color has-vivid-red-color is-style-wide\"\/>\n\n\n\n<div class=\"wp-block-media-text alignwide is-stacked-on-mobile\" style=\"grid-template-columns:22% auto\"><figure class=\"wp-block-media-text__media\"><img loading=\"lazy\" decoding=\"async\" width=\"419\" height=\"261\" src=\"https:\/\/foerderverein-lbz-eppelborn.de\/wp-content\/uploads\/2021\/11\/Laptops.jpg\" alt=\"\" class=\"wp-image-612 size-full\" srcset=\"https:\/\/foerderverein-lbz-eppelborn.de\/wp-content\/uploads\/2021\/11\/Laptops.jpg 419w, https:\/\/foerderverein-lbz-eppelborn.de\/wp-content\/uploads\/2021\/11\/Laptops-300x187.jpg 300w\" sizes=\"auto, (max-width: 419px) 100vw, 419px\" \/><\/figure><div class=\"wp-block-media-text__content\">\n<p><strong>Erhalt zweier Laptops<\/strong><br><strong>(umgesetzt im M\u00e4rz 2019)<\/strong><\/p>\n\n\n\n<p>Anfang 2019 konnte der F\u00f6rderverein zwei Laptops an den L\u00f6schbezirk \u00fcbergeben. Ein Laptop wird f\u00fcr die Dokumentation innerhalb der Schlauchwerkstatt verwendet, der zweite Laptop steht dem Schriftf\u00fchrer und somit dem Vorstand zur Verf\u00fcgung. Die Laptops wurden von der Unternehmensberatung Detecon gespendet.<\/p>\n\n\n\n<p><strong>Der F\u00f6rderverein konnte so dem L\u00f6schbezirk, IT im Wert von 500\u20ac zur Verf\u00fcgung stellen.<\/strong> <strong>Hier nochmals vielen DANK<\/strong><\/p>\n<\/div><\/div>\n\n\n\n<hr class=\"wp-block-separator has-text-color has-background has-vivid-red-background-color has-vivid-red-color is-style-wide\"\/>\n","protected":false},"excerpt":{"rendered":"<p>Einsatzzelt Es ist unbestritten, dass die Herausforderungen und Aufgaben einer Feuerwehr stetig wachsen. Somit wachsen leider auch die Anforderungen an Mannschaft und Ger\u00e4t. Oftmals erschweren K\u00e4lte und Regen den Einsatz und dann gerade auch bei l\u00e4ngeren Eins\u00e4tzen, z.B. bei Personensuchen mit Unterst\u00fctzung der Drohnen-Einheit, bei Brandeins\u00e4tzen f\u00fcr die Atemschutztr\u00e4ger oder auch f\u00fcr die Einsatz- oder [&hellip;]<\/p>\n","protected":false},"author":1,"featured_media":0,"parent":0,"menu_order":0,"comment_status":"closed","ping_status":"closed","template":"template\/fullwidth.php","meta":{"ngg_post_thumbnail":0,"footnotes":""},"class_list":["post-31","page","type-page","status-publish","hentry"],"_links":{"self":[{"href":"https:\/\/foerderverein-lbz-eppelborn.de\/index.php?rest_route=\/wp\/v2\/pages\/31","targetHints":{"allow":["GET"]}}],"collection":[{"href":"https:\/\/foerderverein-lbz-eppelborn.de\/index.php?rest_route=\/wp\/v2\/pages"}],"about":[{"href":"https:\/\/foerderverein-lbz-eppelborn.de\/index.php?rest_route=\/wp\/v2\/types\/page"}],"author":[{"embeddable":true,"href":"https:\/\/foerderverein-lbz-eppelborn.de\/index.php?rest_route=\/wp\/v2\/users\/1"}],"replies":[{"embeddable":true,"href":"https:\/\/foerderverein-lbz-eppelborn.de\/index.php?rest_route=%2Fwp%2Fv2%2Fcomments&post=31"}],"version-history":[{"count":191,"href":"https:\/\/foerderverein-lbz-eppelborn.de\/index.php?rest_route=\/wp\/v2\/pages\/31\/revisions"}],"predecessor-version":[{"id":633,"href":"https:\/\/foerderverein-lbz-eppelborn.de\/index.php?rest_route=\/wp\/v2\/pages\/31\/revisions\/633"}],"wp:attachment":[{"href":"https:\/\/foerderverein-lbz-eppelborn.de\/index.php?rest_route=%2Fwp%2Fv2%2Fmedia&parent=31"}],"curies":[{"name":"wp","href":"https:\/\/api.w.org\/{rel}","templated":true}]}}