{"id":50,"date":"2020-02-17T13:49:00","date_gmt":"2020-02-17T13:49:00","guid":{"rendered":"http:\/\/foerderverein-lbz-eppelborn.de\/?page_id=50"},"modified":"2024-03-14T10:23:18","modified_gmt":"2024-03-14T09:23:18","slug":"aktivitaeten","status":"publish","type":"page","link":"https:\/\/foerderverein-lbz-eppelborn.de\/?page_id=50","title":{"rendered":"Aktivit\u00e4ten"},"content":{"rendered":"\n<p class=\"has-large-font-size\">Mai 2021 &#8211; Gefillde zum Abholen anstatt Tag der offenen T\u00fcr<\/p>\n\n\n\n<p>Da auch dieses Jahr choronabedingt\nder traditionelle \u201eTag der offenen T\u00fcr\u201c des L\u00f6schbezirks Eppelborn&nbsp;leider\nabgesagt werden musste, stand f\u00fcr den F\u00f6rderverein schnell fest, die\nTraditionstage nicht sang-und-klanglos ziehen zu lassen.<\/p>\n\n\n\n<p>Best\u00e4rkt durch die durchweg positive\nResonanz nach der Heringsaktion an Fasching, fiel die Entscheidung, die sonst\nan den Tagen angebotenen \u201eGefillde\u201c dieses Jahr zur Abholung anbieten zu\nwollen.&nbsp;<\/p>\n\n\n\n<p>Hier war es uns sehr wichtig, einmal\ndie Gefillden nach Oma\u2019s Rezept zuzubereiten und zum zweiten, bei unseren\nlokalen und \u00f6rtlichen Gesch\u00e4ften einzukaufen.&nbsp;Beides konnten wir erf\u00fcllen.<\/p>\n\n\n\n<p>Jedoch gab es noch die technische Herausforderung, die geplanten ca. 200 kg ben\u00f6tigten Kartoffeln nach dem Kochen auch zu pressen. Aber schon zu Beginn der Planung kam von Heribert Ehlen die L\u00f6sung \u2026 \u201elasst mich mal machen \u2026 ich baue uns eine automatisierte Kartoffel-Presse\u201c. Gesagt getan, schon beim Probekochen konnte die Maschine \u00fcberzeugen und Bestand auch mit Bravour&nbsp;den Einsatz Mitte Mai.<\/p>\n\n\n\n<div class=\"wp-block-columns is-layout-flex wp-container-core-columns-is-layout-28f84493 wp-block-columns-is-layout-flex\">\n<div class=\"wp-block-column is-layout-flow wp-block-column-is-layout-flow\">\n<div class=\"wp-block-columns is-layout-flex wp-container-core-columns-is-layout-28f84493 wp-block-columns-is-layout-flex\">\n<div class=\"wp-block-column is-layout-flow wp-block-column-is-layout-flow\"><div class=\"wp-block-image\">\n<figure class=\"alignright size-large is-resized\"><img loading=\"lazy\" decoding=\"async\" width=\"498\" height=\"1024\" src=\"https:\/\/foerderverein-lbz-eppelborn.de\/wp-content\/uploads\/2021\/06\/Foto-1-1-498x1024.jpg\" alt=\"\" class=\"wp-image-391\" style=\"width:249px;height:511px\" srcset=\"https:\/\/foerderverein-lbz-eppelborn.de\/wp-content\/uploads\/2021\/06\/Foto-1-1-498x1024.jpg 498w, https:\/\/foerderverein-lbz-eppelborn.de\/wp-content\/uploads\/2021\/06\/Foto-1-1-146x300.jpg 146w, https:\/\/foerderverein-lbz-eppelborn.de\/wp-content\/uploads\/2021\/06\/Foto-1-1-768x1580.jpg 768w, https:\/\/foerderverein-lbz-eppelborn.de\/wp-content\/uploads\/2021\/06\/Foto-1-1-747x1536.jpg 747w, https:\/\/foerderverein-lbz-eppelborn.de\/wp-content\/uploads\/2021\/06\/Foto-1-1-996x2048.jpg 996w, https:\/\/foerderverein-lbz-eppelborn.de\/wp-content\/uploads\/2021\/06\/Foto-1-1-600x1234.jpg 600w, https:\/\/foerderverein-lbz-eppelborn.de\/wp-content\/uploads\/2021\/06\/Foto-1-1-1600x3291.jpg 1600w, https:\/\/foerderverein-lbz-eppelborn.de\/wp-content\/uploads\/2021\/06\/Foto-1-1-1200x2469.jpg 1200w, https:\/\/foerderverein-lbz-eppelborn.de\/wp-content\/uploads\/2021\/06\/Foto-1-1-800x1646.jpg 800w, https:\/\/foerderverein-lbz-eppelborn.de\/wp-content\/uploads\/2021\/06\/Foto-1-1-scaled.jpg 1244w\" sizes=\"auto, (max-width: 498px) 100vw, 498px\" \/><\/figure>\n<\/div><\/div>\n\n\n\n<div class=\"wp-block-column is-layout-flow wp-block-column-is-layout-flow\"><div class=\"wp-block-image\">\n<figure class=\"alignleft size-large is-resized\"><img loading=\"lazy\" decoding=\"async\" width=\"768\" height=\"1024\" src=\"https:\/\/foerderverein-lbz-eppelborn.de\/wp-content\/uploads\/2021\/07\/Kartoffelpresse_01.jpg\" alt=\"\" class=\"wp-image-514\" style=\"width:384px;height:512px\" srcset=\"https:\/\/foerderverein-lbz-eppelborn.de\/wp-content\/uploads\/2021\/07\/Kartoffelpresse_01.jpg 768w, https:\/\/foerderverein-lbz-eppelborn.de\/wp-content\/uploads\/2021\/07\/Kartoffelpresse_01-225x300.jpg 225w\" sizes=\"auto, (max-width: 768px) 100vw, 768px\" \/><\/figure>\n<\/div><\/div>\n<\/div>\n<\/div>\n<\/div>\n\n\n\n<p>Von hier aus nochmals vielen DANK an Heribert Ehlen (links im Bild) \u2013 Mitglied der Feuerwehr Eppelborn und Gesch\u00e4ftsf\u00fchrer der Automaten-Full-Service Heribert Ehlen (A.F.S.), der die Maschine in m\u00fchevoller Kleinarbeit konstruiert, gebaut und uns kostenlos zur Verf\u00fcgung gestellt hat.<\/p>\n\n\n\n<p>All das h\u00e4tte jedoch ohne unsere\ngesamte K\u00fcchen-Crew nicht funktioniert. Vielen vielen DANK an unsere Frauen und\nM\u00e4nner, welche hier tagelang bei den Vorbereitungen unterst\u00fctzt haben, und es\ngeschafft haben, die Portionen bei Abholung punktum herausgeben zu k\u00f6nnen.<\/p>\n\n\n\n<p>Wenn wir hier von unseren Frauen reden, so sind dies nicht nur die Frauen unserer aktiven und Ehren-Abteilungs-Feuerwehrkameraden, sondern mittlerweile auch die Frauen aus den eigenen Reihen der Aktiven. Unsere M\u00e4nner sind die Kameraden aus den Reihen der aktiven, des Fanfarenzuges und der Ehrenabteilung. Von hier aus nochmals vielen DANK.<\/p>\n\n\n\n<figure class=\"wp-block-gallery aligncenter has-nested-images columns-3 wp-block-gallery-1 is-layout-flex wp-block-gallery-is-layout-flex\">\n<figure class=\"wp-block-image size-thumbnail\"><a href=\"https:\/\/foerderverein-lbz-eppelborn.de\/wp-content\/uploads\/2021\/06\/Foto-4.jpg\"><img loading=\"lazy\" decoding=\"async\" width=\"150\" height=\"150\" data-id=\"384\" src=\"https:\/\/foerderverein-lbz-eppelborn.de\/wp-content\/uploads\/2021\/06\/Foto-4-150x150.jpg\" alt=\"\" class=\"wp-image-384\" srcset=\"https:\/\/foerderverein-lbz-eppelborn.de\/wp-content\/uploads\/2021\/06\/Foto-4-150x150.jpg 150w, https:\/\/foerderverein-lbz-eppelborn.de\/wp-content\/uploads\/2021\/06\/Foto-4-600x600.jpg 600w\" sizes=\"auto, (max-width: 150px) 100vw, 150px\" \/><\/a><\/figure>\n\n\n\n<figure class=\"wp-block-image size-thumbnail\"><a href=\"https:\/\/foerderverein-lbz-eppelborn.de\/wp-content\/uploads\/2021\/06\/Foto-5.jpg\"><img loading=\"lazy\" decoding=\"async\" width=\"150\" height=\"150\" data-id=\"385\" src=\"https:\/\/foerderverein-lbz-eppelborn.de\/wp-content\/uploads\/2021\/06\/Foto-5-150x150.jpg\" alt=\"\" class=\"wp-image-385\" srcset=\"https:\/\/foerderverein-lbz-eppelborn.de\/wp-content\/uploads\/2021\/06\/Foto-5-150x150.jpg 150w, https:\/\/foerderverein-lbz-eppelborn.de\/wp-content\/uploads\/2021\/06\/Foto-5-600x600.jpg 600w\" sizes=\"auto, (max-width: 150px) 100vw, 150px\" \/><\/a><\/figure>\n\n\n\n<figure class=\"wp-block-image size-thumbnail\"><a href=\"https:\/\/foerderverein-lbz-eppelborn.de\/wp-content\/uploads\/2021\/06\/Foto-6.jpg\"><img loading=\"lazy\" decoding=\"async\" width=\"150\" height=\"150\" data-id=\"386\" src=\"https:\/\/foerderverein-lbz-eppelborn.de\/wp-content\/uploads\/2021\/06\/Foto-6-150x150.jpg\" alt=\"\" class=\"wp-image-386\" srcset=\"https:\/\/foerderverein-lbz-eppelborn.de\/wp-content\/uploads\/2021\/06\/Foto-6-150x150.jpg 150w, https:\/\/foerderverein-lbz-eppelborn.de\/wp-content\/uploads\/2021\/06\/Foto-6-600x600.jpg 600w\" sizes=\"auto, (max-width: 150px) 100vw, 150px\" \/><\/a><\/figure>\n\n\n\n<figure class=\"wp-block-image size-thumbnail\"><a href=\"https:\/\/foerderverein-lbz-eppelborn.de\/wp-content\/uploads\/2021\/06\/Foto-7.jpg\"><img loading=\"lazy\" decoding=\"async\" width=\"150\" height=\"150\" data-id=\"387\" src=\"https:\/\/foerderverein-lbz-eppelborn.de\/wp-content\/uploads\/2021\/06\/Foto-7-150x150.jpg\" alt=\"\" class=\"wp-image-387\" srcset=\"https:\/\/foerderverein-lbz-eppelborn.de\/wp-content\/uploads\/2021\/06\/Foto-7-150x150.jpg 150w, https:\/\/foerderverein-lbz-eppelborn.de\/wp-content\/uploads\/2021\/06\/Foto-7-600x600.jpg 600w\" sizes=\"auto, (max-width: 150px) 100vw, 150px\" \/><\/a><\/figure>\n\n\n\n<figure class=\"wp-block-image size-thumbnail\"><a href=\"https:\/\/foerderverein-lbz-eppelborn.de\/wp-content\/uploads\/2021\/06\/Foto-8.jpg\"><img loading=\"lazy\" decoding=\"async\" width=\"150\" height=\"150\" data-id=\"388\" src=\"https:\/\/foerderverein-lbz-eppelborn.de\/wp-content\/uploads\/2021\/06\/Foto-8-150x150.jpg\" alt=\"\" class=\"wp-image-388\" srcset=\"https:\/\/foerderverein-lbz-eppelborn.de\/wp-content\/uploads\/2021\/06\/Foto-8-150x150.jpg 150w, https:\/\/foerderverein-lbz-eppelborn.de\/wp-content\/uploads\/2021\/06\/Foto-8-600x600.jpg 600w\" sizes=\"auto, (max-width: 150px) 100vw, 150px\" \/><\/a><\/figure>\n\n\n\n<figure class=\"wp-block-image size-thumbnail\"><a href=\"https:\/\/foerderverein-lbz-eppelborn.de\/wp-content\/uploads\/2021\/06\/Foto-9-1.jpg\"><img loading=\"lazy\" decoding=\"async\" width=\"150\" height=\"150\" data-id=\"389\" src=\"https:\/\/foerderverein-lbz-eppelborn.de\/wp-content\/uploads\/2021\/06\/Foto-9-1-150x150.jpg\" alt=\"\" class=\"wp-image-389\" srcset=\"https:\/\/foerderverein-lbz-eppelborn.de\/wp-content\/uploads\/2021\/06\/Foto-9-1-150x150.jpg 150w, https:\/\/foerderverein-lbz-eppelborn.de\/wp-content\/uploads\/2021\/06\/Foto-9-1-600x600.jpg 600w\" sizes=\"auto, (max-width: 150px) 100vw, 150px\" \/><\/a><\/figure>\n<\/figure>\n\n\n\n<p>Vielen Dank auch an unsere Sponsoren\nu.a. an Reiseb\u00fcro G\u00fcnter Britz, Fliesen Carlo Trenz, Haarstudio Schmitt,\nDirektimport Carsten Klaas, AGS Auto Galerie Saar, Pizzeria DeLuca.<\/p>\n\n\n\n<p>Durch Ihre nicht nur Finanz- und\nSachspenden, sondern auch durch Ihre pers\u00f6nliche tatkr\u00e4ftige Unterst\u00fctzung bei\nder gesamten Herstellung der Gefillde drum herum, k\u00f6nnten wir die Aktion am\n16.05.2021 erfolgreich abschlie\u00dfen.<\/p>\n\n\n\n<p>Vielen DANK auch an all unsere\n(Abholer-) G\u00e4ste, welche unserem Angebot nachgekommen sind und uns durch ihre\npositiven R\u00fcckmeldungen best\u00e4rkt haben, das dies eine gute Aktion war.<\/p>\n\n\n\n<p>Durch all diese Unterst\u00fctzung konnte der F\u00f6rderverein des L\u00f6schbezirks Eppelborn, unter dem Vorsitzenden Peter Hammerschmitt, am vergangenen Sonntag die Gewinne \u00fcbergeben. In Anwesenheit unseres B\u00fcrgermeisters konnten die entsprechende Schecks an die Vertreter der Abteilungen der Jugendwehr, der Aktiven, der Ehrenabteilung und an den Fanfarenzug \u00fcbergeben werden.<\/p>\n\n\n<div class=\"wp-block-image\">\n<figure class=\"aligncenter size-large is-resized\"><img loading=\"lazy\" decoding=\"async\" width=\"1024\" height=\"572\" src=\"https:\/\/foerderverein-lbz-eppelborn.de\/wp-content\/uploads\/2021\/06\/Foto-3-1024x572.jpg\" alt=\"\" class=\"wp-image-380\" style=\"width:578px;height:323px\" srcset=\"https:\/\/foerderverein-lbz-eppelborn.de\/wp-content\/uploads\/2021\/06\/Foto-3-1024x572.jpg 1024w, https:\/\/foerderverein-lbz-eppelborn.de\/wp-content\/uploads\/2021\/06\/Foto-3-300x168.jpg 300w, https:\/\/foerderverein-lbz-eppelborn.de\/wp-content\/uploads\/2021\/06\/Foto-3-768x429.jpg 768w, https:\/\/foerderverein-lbz-eppelborn.de\/wp-content\/uploads\/2021\/06\/Foto-3-1536x858.jpg 1536w, https:\/\/foerderverein-lbz-eppelborn.de\/wp-content\/uploads\/2021\/06\/Foto-3-2048x1144.jpg 2048w, https:\/\/foerderverein-lbz-eppelborn.de\/wp-content\/uploads\/2021\/06\/Foto-3-600x335.jpg 600w, https:\/\/foerderverein-lbz-eppelborn.de\/wp-content\/uploads\/2021\/06\/Foto-3-1600x894.jpg 1600w, https:\/\/foerderverein-lbz-eppelborn.de\/wp-content\/uploads\/2021\/06\/Foto-3-1200x670.jpg 1200w, https:\/\/foerderverein-lbz-eppelborn.de\/wp-content\/uploads\/2021\/06\/Foto-3-800x447.jpg 800w\" sizes=\"auto, (max-width: 1024px) 100vw, 1024px\" \/><\/figure>\n<\/div>\n\n\n<p>B\u00fcrgermeister Andreas Feld bedankte\nsich im Namen der Gemeinde, da er auch wei\u00df, dass die Gelder u.a. f\u00fcr die\nBeschaffung von feuerwehrtechnischem Ger\u00e4t und Zubeh\u00f6r verwendet werden, was\naus Sicht der Gemeinde budgettechnisch und vor allem kurzfristig bei Bedarf so\nnicht machbar ist.<\/p>\n\n\n\n<p class=\"has-large-font-size\">Februar 2021 &#8211; Verkauf selbsteingelegter Heringe an Faasend <\/p>\n\n\n\n<p class=\"has-text-align-left\">Erstmalig hatte sich der F\u00f6rderverein des L\u00f6schbezirks Eppelborn<br> entschieden, von Rosenmontag bis Aschermittwoch selbsteingelegte Heringe zu verkaufen.<br>Die Bestellungen hierf\u00fcr konnten sowohl per Email als auch telefonisch aufgegeben werden. Unter den gegebenen Hygienema\u00dfnahmen, wurden mit gro\u00dfer Unterst\u00fctzung unserer Frauen und viel  Liebe, \u00fcber 300 Portionen Heringe eingelegt. <br>Durch die Verkaufseinnahmen, den Sponsorengeldern f\u00fcr diese Aktion und auch gro\u00dfz\u00fcgiger Spenden w\u00e4hrend des Verkaufes, wurde ein Gewinn von 2.000\u20ac erzielt, welcher auch gleich am vergangenen  Sonntag an die Abteilungen des L\u00f6schbezirk Eppelborn \u00fcberreicht wurden.<\/p>\n\n\n\n<p class=\"has-text-align-left\"><br><img loading=\"lazy\" decoding=\"async\" width=\"550\" height=\"267\" class=\"wp-image-396\" style=\"width: 550px;\" src=\"https:\/\/foerderverein-lbz-eppelborn.de\/wp-content\/uploads\/2021\/06\/Foto_1.jpg\" alt=\"\" srcset=\"https:\/\/foerderverein-lbz-eppelborn.de\/wp-content\/uploads\/2021\/06\/Foto_1.jpg 1008w, https:\/\/foerderverein-lbz-eppelborn.de\/wp-content\/uploads\/2021\/06\/Foto_1-300x146.jpg 300w, https:\/\/foerderverein-lbz-eppelborn.de\/wp-content\/uploads\/2021\/06\/Foto_1-768x373.jpg 768w, https:\/\/foerderverein-lbz-eppelborn.de\/wp-content\/uploads\/2021\/06\/Foto_1-600x292.jpg 600w, https:\/\/foerderverein-lbz-eppelborn.de\/wp-content\/uploads\/2021\/06\/Foto_1-800x389.jpg 800w\" sizes=\"auto, (max-width: 550px) 100vw, 550px\" \/><\/p>\n\n\n\n<p class=\"has-text-align-left\"><br>Wir d\u00fcrfen uns hier recht herzlich bei allen Helfern bedanken,<br>ein ganz gro\u00dfes DANKESCH\u00d6N an all unsere Sponsoren geben, <br>und auch ein ganz herzliches DANKESCH\u00d6N an all unsere Herings-Kunden geben. <br>Auch haben wir uns sehr \u00fcber das durchweg positive Feedback gefreut, <br>so dass wir jetzt schon Gedanken f\u00fcr eine n\u00e4chsten Aktion machen \u2026<br>Euer F\u00f6rderverein des L\u00f6schbezirks Eppelborn<\/p>\n\n\n\n<h2 class=\"wp-block-heading\">Mai 2020 &#8211; Unterst\u00fctzung des Projektes Drucken gegen Corona<\/h2>\n\n\n\n<p>\u201eL\u00f6schen, Retten, Bergen, Sch\u00fctzen\u201c der Auftrag der\nFeuerwehr. <\/p>\n\n\n\n<p>Noch nie war das Gebot  \u201eSch\u00fctzen\u201c treffender und aktueller wie in der Zeit der Corona Pandemie. <\/p>\n\n\n\n<p>In den Medien ist die mangelnde Versorgung mit Schutzmasken und Mundschutz unseres medizinischem Pflegekr\u00e4fte wohl bekannt. <\/p>\n\n\n\n<p>Wie kann hier aber eine Feuerwehr unterst\u00fctzen ?  \u2026 das dachte sich auch Heribert Ehlen aus dem L\u00f6schbezirk Eppelborn, und brachte sein gerade neu gewonnenes Hobby \u201e3D-Drucken\u201c als Herstellungselement von Gesichtschutz-Elemente und Mundschutz zum Einsatz. <\/p>\n\n\n<div class=\"wp-block-image\">\n<figure class=\"aligncenter size-large is-resized\"><img loading=\"lazy\" decoding=\"async\" width=\"800\" height=\"418\" src=\"https:\/\/foerderverein-lbz-eppelborn.de\/wp-content\/uploads\/2020\/05\/corona_01.jpg\" alt=\"\" class=\"wp-image-292\" style=\"width:400px;height:209px\" srcset=\"https:\/\/foerderverein-lbz-eppelborn.de\/wp-content\/uploads\/2020\/05\/corona_01.jpg 800w, https:\/\/foerderverein-lbz-eppelborn.de\/wp-content\/uploads\/2020\/05\/corona_01-300x157.jpg 300w, https:\/\/foerderverein-lbz-eppelborn.de\/wp-content\/uploads\/2020\/05\/corona_01-768x401.jpg 768w, https:\/\/foerderverein-lbz-eppelborn.de\/wp-content\/uploads\/2020\/05\/corona_01-600x314.jpg 600w\" sizes=\"auto, (max-width: 800px) 100vw, 800px\" \/><figcaption class=\"wp-element-caption\">Quelle: sol.de<\/figcaption><\/figure>\n<\/div>\n\n\n<p>So konnten bis heute \u00fcber 700 Gesichtschutzschirme in Eigenregie hergestellt und kostenfrei an bed\u00fcrftige Organisationen verteilt werden. Mit seinem 3D-Drucker schafft Heribert Ehlen am Tage ca. 15 Schutzschirme. Auf Lager wird nichts produziert, daf\u00fcr ist die Nachfrage viel zu hoch.<\/p>\n\n\n\nngg_shortcode_0_placeholder\n\n\n\n<p>Zu seinen Empf\u00e4nger z\u00e4hlen mittlerweile Pflegedienste,\nKrankenh\u00e4user, Arztpraxen, Feuerwehren, Kindergarten, Schulen und Obdachlose. Weitere Anfragen liegen vor bzw. kommen\nt\u00e4glich hinzu.<\/p>\n\n\n\n<p>Was zu Anfang als kurzfristige Unterst\u00fctzung f\u00fcr ein- bis\nzwei Wochen-Projekt angedacht war, w\u00e4chst jedoch nun langsam zu einem\nGro\u00dfprojekt an. Zumindest aus der Perspektive eines Privatprojektes gesehen. So\nwurden bis dato alle Materialeink\u00e4ufe, Produktionskosten und Versandkosten aus\neigener Tasche gezahlt. <\/p>\n\n\n\n<p>Und genau hier beginnt die kameradschaftliche Unterst\u00fctzung seiner Feuerwehrkameraden aus dem L\u00f6schbezirk.  Sowohl pers\u00f6nliche Spenden aktiver Wehrkameraden, Kameraden der Ehrenabteilung, sowie aus den Reihen der Presslinger (Mitglieder und Freunde der ehemalige Wettkampftruppe des L\u00f6schbezirks), sowie aus dem F\u00f6rderverein des L\u00f6schbezirks Eppelborn wurden Spenden dem Projekt zur Verf\u00fcgung gestellt. Diese Spenden dienen zum Einkauf neuer Ware.  <\/p>\n\n\n\n<p>Weitere logistische Unterst\u00fctzung beim Zuschneiden der Sichtsschutzfolien erhielt Heribert Ehlen von Basti Ziegler  &#8211; Beschriftungen Ziegler aus Wiesbach. Beim n\u00e4hen weiterer Schutzmasken unterst\u00fctzte ihn Gerd Schnur und seine Frau Kerstin aus Gresaubach.<\/p>\n\n\n\n<p>Hierf\u00fcr auch von Seiten der Feuerwehr vielen DANK.  <\/p>\n\n\n\n<p><\/p>\n\n\n<p><!--StartFragment--><\/p>\n\n\n<h2 class=\"wp-block-heading\">25.01.2020 &#8211; Ehrung von Hans-J\u00fcrgen Olliger als Ehrenvorstandsmitglied<\/h2>\n\n\n\n<p>Nach Bekanntgabe von Hans-J\u00fcrgen Olliger, dass er aus Altersgr\u00fcnden f\u00fcr eine Neuwahl nicht mehr zur Verf\u00fcgung steht, beschloss der Vorstand des F\u00f6rdervereins Hans-J\u00fcrgen Olliger f\u00fcr seine langj\u00e4hriges Engagement rund um<br>die Eppelborner Feuerwehr auch aus Sicht des F\u00f6rdervereins zu danken und zu ehren.<\/p>\n\n\n\n<p>In seiner Karriere begleitete Hans-J\u00fcrgen u.a. die Ehren\u00e4mter Kreis-Jugendfeuerwehrwart des Kreises Neunkirchen,<br>Mitglied des Katastrophenschutzstab des Landkreises, 12 Jahre L\u00f6schbezirksf\u00fchrer des Lbz. Eppelborn<br>sowie 10 Jahre Landesbrandinspekteur des Saarlandes.<\/p>\n\n\n\n<p>Der F\u00f6rderverein ernannte Hans J\u00fcrgen Olliger innerhalb der Mitgliederversammlung zum<br>Ehrenvorstandsmitglied, klar mit der Botschaft gekoppelt, Ihn weiterhin als Berater und<br>Mitglied des Vorstandes des F\u00f6rdervereins, gern zu sehen.<\/p>\n\n\n\n<p class=\"has-text-align-left\">Der Text der Urkunde enth\u00e4lt die Worte:<\/p>\n\n\n\n<p class=\"has-text-align-center\"><br>URKUNDE<br>in hoher Anerkennung und hohem Respekt<br>f\u00fcr langj\u00e4hrige Verdienste beim Aufbau und der F\u00f6rderung der Freiwilligen Feuerwehr Lbz. Eppelborn<br>hat der Vorstand des F\u00f6rderverein Freiwilligen Feuerwehr Lbz. Eppelborn die Ehre<br>Hans-J\u00fcrgen Olliger<br>zum Ehrenvorstandsmitglied zu ernennen<br>Eppelborn, im Januar 2020<br>Vorstand F\u00f6rderverein<br>Freiwillige Feuerwehr Lbz. Eppelborn<\/p>\n\n\n\nngg_shortcode_1_placeholder\n\n\n<p><!--EndFragment--><\/p>","protected":false},"excerpt":{"rendered":"<p>Mai 2021 &#8211; Gefillde zum Abholen anstatt Tag der offenen T\u00fcr Da auch dieses Jahr choronabedingt der traditionelle \u201eTag der offenen T\u00fcr\u201c des L\u00f6schbezirks Eppelborn&nbsp;leider abgesagt werden musste, stand f\u00fcr den F\u00f6rderverein schnell fest, die Traditionstage nicht sang-und-klanglos ziehen zu lassen. Best\u00e4rkt durch die durchweg positive Resonanz nach der Heringsaktion an Fasching, fiel die Entscheidung, [&hellip;]<\/p>\n","protected":false},"author":1,"featured_media":388,"parent":0,"menu_order":0,"comment_status":"closed","ping_status":"closed","template":"template\/fullwidth.php","meta":{"ngg_post_thumbnail":0,"footnotes":""},"class_list":["post-50","page","type-page","status-publish","has-post-thumbnail","hentry"],"_links":{"self":[{"href":"https:\/\/foerderverein-lbz-eppelborn.de\/index.php?rest_route=\/wp\/v2\/pages\/50","targetHints":{"allow":["GET"]}}],"collection":[{"href":"https:\/\/foerderverein-lbz-eppelborn.de\/index.php?rest_route=\/wp\/v2\/pages"}],"about":[{"href":"https:\/\/foerderverein-lbz-eppelborn.de\/index.php?rest_route=\/wp\/v2\/types\/page"}],"author":[{"embeddable":true,"href":"https:\/\/foerderverein-lbz-eppelborn.de\/index.php?rest_route=\/wp\/v2\/users\/1"}],"replies":[{"embeddable":true,"href":"https:\/\/foerderverein-lbz-eppelborn.de\/index.php?rest_route=%2Fwp%2Fv2%2Fcomments&post=50"}],"version-history":[{"count":42,"href":"https:\/\/foerderverein-lbz-eppelborn.de\/index.php?rest_route=\/wp\/v2\/pages\/50\/revisions"}],"predecessor-version":[{"id":683,"href":"https:\/\/foerderverein-lbz-eppelborn.de\/index.php?rest_route=\/wp\/v2\/pages\/50\/revisions\/683"}],"wp:featuredmedia":[{"embeddable":true,"href":"https:\/\/foerderverein-lbz-eppelborn.de\/index.php?rest_route=\/wp\/v2\/media\/388"}],"wp:attachment":[{"href":"https:\/\/foerderverein-lbz-eppelborn.de\/index.php?rest_route=%2Fwp%2Fv2%2Fmedia&parent=50"}],"curies":[{"name":"wp","href":"https:\/\/api.w.org\/{rel}","templated":true}]}}